{"id":1426,"date":"2021-03-15T18:24:47","date_gmt":"2021-03-15T17:24:47","guid":{"rendered":"http:\/\/mathilda-paatz.de\/?page_id=1426"},"modified":"2024-09-06T10:07:12","modified_gmt":"2024-09-06T08:07:12","slug":"presse","status":"publish","type":"page","link":"https:\/\/mathilda-paatz.com\/en\/presse\/","title":{"rendered":"Press"},"content":{"rendered":"<p class=\"wp-block-paragraph translation-block\">In the past, Mathilda Paatz caused a stir not only on the race track. Various media, including above all ADAC Nordrhein, Motorsport XL and Kart-Magazin.de, regularly report on the young racer and her successes in racing. Mathilda Paatz is also mentioned in international publications and <a href=\"https:\/\/www.racers-behindthehelmet.com\/post\/motorsport-games-mathilda-paatz-almost-in-the-top-10-in-karting-junior-finale\" target=\"_blank\" rel=\"noreferrer noopener\">online magazines<\/a>. The best articles and videos are summarised here for you to read and watch.<\/p>\n\n\n\n<div style=\"height:32px\" aria-hidden=\"true\" class=\"wp-block-spacer\"><\/div>\n\n\n\n<h2 class=\"wp-block-heading\" id=\"adac-report-mai-2021\">K\u00f6lner Stadtanzeiger<\/h2>\n\n\n\n<div class=\"wp-block-columns is-layout-flex wp-container-core-columns-is-layout-9d6595d7 wp-block-columns-is-layout-flex\">\n<div class=\"wp-block-column is-layout-flow wp-block-column-is-layout-flow\">\n<figure class=\"wp-block-image size-full\"><img loading=\"lazy\" decoding=\"async\" width=\"1600\" height=\"900\" src=\"https:\/\/mathilda-paatz.com\/wp-content\/uploads\/2024\/09\/KSTA2024.png\" alt=\"\" class=\"wp-image-2182\" srcset=\"https:\/\/mathilda-paatz.com\/wp-content\/uploads\/2024\/09\/KSTA2024.png 1600w, https:\/\/mathilda-paatz.com\/wp-content\/uploads\/2024\/09\/KSTA2024-768x432.png 768w, https:\/\/mathilda-paatz.com\/wp-content\/uploads\/2024\/09\/KSTA2024-1536x864.png 1536w, https:\/\/mathilda-paatz.com\/wp-content\/uploads\/2024\/09\/KSTA2024-18x10.png 18w, https:\/\/mathilda-paatz.com\/wp-content\/uploads\/2024\/09\/KSTA2024-500x281.png 500w\" sizes=\"auto, (max-width: 1600px) 100vw, 1600px\" \/><\/figure>\n<\/div>\n\n\n\n<div class=\"wp-block-column is-vertically-aligned-center is-layout-flow wp-block-column-is-layout-flow\">\n<p class=\"has-medium-font-size wp-block-paragraph\">Im Januar 2024 berichtet der K\u00f6lner Stadtanzeiger \u00fcber den Aufstieg von Mathilda Paatz in die Formel 4 sowie den Traum, eines Tages in der Formel 1 zu starten.<\/p>\n\n\n\n<div class=\"wp-block-buttons is-horizontal is-content-justification-center is-layout-flex wp-container-core-buttons-is-layout-499968f5 wp-block-buttons-is-layout-flex\">\n<div class=\"wp-block-button has-custom-width wp-block-button__width-100\"><a class=\"wp-block-button__link has-white-color has-luminous-vivid-orange-background-color has-text-color has-background wp-element-button\" href=\"https:\/\/mathilda-paatz.com\/wp-content\/uploads\/2024\/09\/KSTA2024-scaled.jpg\" style=\"border-radius:2px\" target=\"_blank\" rel=\"https:\/\/motorsport-nordrhein.de\/wp-content\/uploads\/2021\/03\/ADAC-Report_03-2021_b1.pdf noopener noreferrer\">Download now<\/a><\/div>\n\n\n\n<div class=\"wp-block-button has-custom-width wp-block-button__width-100 is-style-outline is-style-outline--1\"><a class=\"wp-block-button__link has-luminous-vivid-orange-color has-text-color wp-element-button\" href=\"https:\/\/www.ksta.de\/sport\/koelner-sport\/mathilda-paatz-diese-junge-koelnerin-traeumt-von-einem-cockpit-in-der-formel-1-719765\" style=\"border-radius:2px\" target=\"_blank\" rel=\"https:\/\/motorsport-nordrhein.de noopener noreferrer\">to K\u00f6lner Stadtanzeiger<\/a><\/div>\n<\/div>\n<\/div>\n<\/div>\n\n\n\n<h2 class=\"wp-block-heading\" id=\"adac-report-juli-2021\">PITWALK: &#8222;Waltzing Mathilda&#8220;<\/h2>\n\n\n\n<div class=\"wp-block-columns is-layout-flex wp-container-core-columns-is-layout-9d6595d7 wp-block-columns-is-layout-flex\">\n<div class=\"wp-block-column is-layout-flow wp-block-column-is-layout-flow\">\n<figure class=\"wp-block-image size-full\"><img loading=\"lazy\" decoding=\"async\" width=\"1600\" height=\"900\" src=\"https:\/\/mathilda-paatz.com\/wp-content\/uploads\/2023\/09\/PITWALK_2023.png\" alt=\"\" class=\"wp-image-2080\" srcset=\"https:\/\/mathilda-paatz.com\/wp-content\/uploads\/2023\/09\/PITWALK_2023.png 1600w, https:\/\/mathilda-paatz.com\/wp-content\/uploads\/2023\/09\/PITWALK_2023-768x432.png 768w, https:\/\/mathilda-paatz.com\/wp-content\/uploads\/2023\/09\/PITWALK_2023-1536x864.png 1536w, https:\/\/mathilda-paatz.com\/wp-content\/uploads\/2023\/09\/PITWALK_2023-18x10.png 18w, https:\/\/mathilda-paatz.com\/wp-content\/uploads\/2023\/09\/PITWALK_2023-500x281.png 500w\" sizes=\"auto, (max-width: 1600px) 100vw, 1600px\" \/><\/figure>\n<\/div>\n\n\n\n<div class=\"wp-block-column is-vertically-aligned-center is-layout-flow wp-block-column-is-layout-flow\">\n<p class=\"has-medium-font-size wp-block-paragraph\">Im September 2023 erschien im Motorsportmagazin &#8222;PITWALK&#8220; von Norbert Ockenga ein umfassender Bericht \u00fcber Mathilda und ihren Alltag, der von jeder Menge Sport beherrscht wird &#8230;<\/p>\n\n\n\n<div class=\"wp-block-buttons is-horizontal is-content-justification-center is-layout-flex wp-container-core-buttons-is-layout-499968f5 wp-block-buttons-is-layout-flex\">\n<div class=\"wp-block-button has-custom-width wp-block-button__width-100\"><a class=\"wp-block-button__link has-white-color has-luminous-vivid-orange-background-color has-text-color has-background wp-element-button\" href=\"https:\/\/mathilda-paatz.com\/wp-content\/uploads\/2023\/09\/PITWALK_2023_74_Fitness.pdf\" style=\"border-radius:2px\" target=\"_blank\" rel=\"https:\/\/motorsport-nordrhein.de\/wp-content\/uploads\/2021\/03\/ADAC-Report_03-2021_b1.pdf noopener noreferrer\">Watch now (in German)<\/a><\/div>\n\n\n\n<div class=\"wp-block-button has-custom-width wp-block-button__width-100 is-style-outline is-style-outline--2\"><a class=\"wp-block-button__link has-luminous-vivid-orange-color has-text-color wp-element-button\" href=\"https:\/\/www.pitwalk.de\/\" style=\"border-radius:2px\" target=\"_blank\" rel=\"https:\/\/motorsport-nordrhein.de noopener noreferrer\">zur PITWALK<\/a><\/div>\n<\/div>\n<\/div>\n<\/div>\n\n\n\n<h2 class=\"wp-block-heading\" id=\"adac-report-juli-2021\">Motorsport XL: &#8222;Eine Frau kann es in die Formel 1 schaffen!&#8220;<\/h2>\n\n\n\n<div class=\"wp-block-columns is-layout-flex wp-container-core-columns-is-layout-9d6595d7 wp-block-columns-is-layout-flex\">\n<div class=\"wp-block-column is-layout-flow wp-block-column-is-layout-flow\">\n<figure class=\"wp-block-image size-full\"><img loading=\"lazy\" decoding=\"async\" width=\"1600\" height=\"900\" src=\"https:\/\/mathilda-paatz.com\/wp-content\/uploads\/2023\/09\/MotorsportXL_2023.png\" alt=\"\" class=\"wp-image-2079\" srcset=\"https:\/\/mathilda-paatz.com\/wp-content\/uploads\/2023\/09\/MotorsportXL_2023.png 1600w, https:\/\/mathilda-paatz.com\/wp-content\/uploads\/2023\/09\/MotorsportXL_2023-768x432.png 768w, https:\/\/mathilda-paatz.com\/wp-content\/uploads\/2023\/09\/MotorsportXL_2023-1536x864.png 1536w, https:\/\/mathilda-paatz.com\/wp-content\/uploads\/2023\/09\/MotorsportXL_2023-18x10.png 18w, https:\/\/mathilda-paatz.com\/wp-content\/uploads\/2023\/09\/MotorsportXL_2023-500x281.png 500w\" sizes=\"auto, (max-width: 1600px) 100vw, 1600px\" \/><\/figure>\n<\/div>\n\n\n\n<div class=\"wp-block-column is-vertically-aligned-center is-layout-flow wp-block-column-is-layout-flow\">\n<p class=\"has-medium-font-size wp-block-paragraph\">Im Januar 2023 wurde in der <strong>Motorsport XL<\/strong> ein Interview mit Mathilda Paatz ver\u00f6ffentlicht, in dem die Nachwuchsrennfahrerin unter anderem \u00fcber die Chancen von der Formel 1 und ihre Ziele f\u00fcr die Zukunft spricht.<\/p>\n\n\n\n<div class=\"wp-block-buttons is-horizontal is-content-justification-center is-layout-flex wp-container-core-buttons-is-layout-499968f5 wp-block-buttons-is-layout-flex\">\n<div class=\"wp-block-button has-custom-width wp-block-button__width-100\"><a class=\"wp-block-button__link has-white-color has-luminous-vivid-orange-background-color has-text-color has-background wp-element-button\" href=\"https:\/\/mathilda-paatz.com\/wp-content\/uploads\/2023\/09\/Mathilda_2023_Interview_MotorsportXL.pdf\" style=\"border-radius:2px\" target=\"_blank\" rel=\"https:\/\/motorsport-nordrhein.de\/wp-content\/uploads\/2021\/03\/ADAC-Report_03-2021_b1.pdf noopener\">Watch now (in German)<\/a><\/div>\n\n\n\n<div class=\"wp-block-button has-custom-width wp-block-button__width-100 is-style-outline is-style-outline--3\"><a class=\"wp-block-button__link has-luminous-vivid-orange-color has-text-color wp-element-button\" href=\"https:\/\/www.motorsport-xl.de\/\" style=\"border-radius:2px\" target=\"_blank\" rel=\"https:\/\/motorsport-nordrhein.de noopener\">to Motorsport XL<\/a><\/div>\n<\/div>\n<\/div>\n<\/div>\n\n\n\n<h2 class=\"wp-block-heading\" id=\"adac-report-juli-2021\">BILD am Sonntag: Deutsche Talente im Rennsport<\/h2>\n\n\n\n<div class=\"wp-block-columns is-layout-flex wp-container-core-columns-is-layout-9d6595d7 wp-block-columns-is-layout-flex\">\n<div class=\"wp-block-column is-layout-flow wp-block-column-is-layout-flow\">\n<figure class=\"wp-block-image size-full\"><img loading=\"lazy\" decoding=\"async\" width=\"2160\" height=\"1620\" src=\"https:\/\/mathilda-paatz.com\/wp-content\/uploads\/2023\/09\/20230719_052324000_iOS.jpg\" alt=\"\" class=\"wp-image-2087\" srcset=\"https:\/\/mathilda-paatz.com\/wp-content\/uploads\/2023\/09\/20230719_052324000_iOS.jpg 2160w, https:\/\/mathilda-paatz.com\/wp-content\/uploads\/2023\/09\/20230719_052324000_iOS-768x576.jpg 768w, https:\/\/mathilda-paatz.com\/wp-content\/uploads\/2023\/09\/20230719_052324000_iOS-1536x1152.jpg 1536w, https:\/\/mathilda-paatz.com\/wp-content\/uploads\/2023\/09\/20230719_052324000_iOS-2048x1536.jpg 2048w, https:\/\/mathilda-paatz.com\/wp-content\/uploads\/2023\/09\/20230719_052324000_iOS-16x12.jpg 16w, https:\/\/mathilda-paatz.com\/wp-content\/uploads\/2023\/09\/20230719_052324000_iOS-500x375.jpg 500w\" sizes=\"auto, (max-width: 2160px) 100vw, 2160px\" \/><\/figure>\n<\/div>\n\n\n\n<div class=\"wp-block-column is-vertically-aligned-center is-layout-flow wp-block-column-is-layout-flow\">\n<p class=\"has-medium-font-size wp-block-paragraph\">Im Juli 2023 erschien in der <strong>BILD am Sonntag<\/strong> eine gro\u00dfe \u00dcbersicht mit den talentierten Nachwuchsrennfahrer*innen in Deutschland. Darin fand auch Mathilda Paatz eine lobenswerte Erw\u00e4hnung.<\/p>\n\n\n\n<div class=\"wp-block-buttons is-horizontal is-content-justification-center is-layout-flex wp-container-core-buttons-is-layout-499968f5 wp-block-buttons-is-layout-flex\">\n<div class=\"wp-block-button has-custom-width wp-block-button__width-100\"><a class=\"wp-block-button__link has-white-color has-luminous-vivid-orange-background-color has-text-color has-background wp-element-button\" href=\"https:\/\/mathilda-paatz.com\/wp-content\/uploads\/2023\/09\/BILDamSonntag_Juli2023.pdf\" style=\"border-radius:2px\" target=\"_blank\" rel=\"https:\/\/motorsport-nordrhein.de\/wp-content\/uploads\/2021\/03\/ADAC-Report_03-2021_b1.pdf noopener\">Watch now (in German)<\/a><\/div>\n\n\n\n<div class=\"wp-block-button has-custom-width wp-block-button__width-100 is-style-outline is-style-outline--4\"><a class=\"wp-block-button__link has-luminous-vivid-orange-color has-text-color wp-element-button\" href=\"https:\/\/www.bild.de\/bild-am-sonntag\/bams-besser-leben-buehne\/bild-am-sonntag\/home-28334396.bild.html\" style=\"border-radius:2px\" target=\"_blank\" rel=\"https:\/\/motorsport-nordrhein.de noopener\">zur BILD am Sonntag<\/a><\/div>\n<\/div>\n<\/div>\n<\/div>\n\n\n\n<h2 class=\"wp-block-heading\" id=\"adac-report-juli-2021\">Sportclub Story: Women in Motorsport<\/h2>\n\n\n\n<div class=\"wp-block-columns is-layout-flex wp-container-core-columns-is-layout-9d6595d7 wp-block-columns-is-layout-flex\">\n<div class=\"wp-block-column is-layout-flow wp-block-column-is-layout-flow\">\n<figure class=\"wp-block-image size-full\"><img loading=\"lazy\" decoding=\"async\" width=\"1000\" height=\"667\" src=\"https:\/\/mathilda-paatz.com\/wp-content\/uploads\/2022\/07\/MathildaPaatz_2022_2_1000px.jpg\" alt=\"\" class=\"wp-image-1720\" srcset=\"https:\/\/mathilda-paatz.com\/wp-content\/uploads\/2022\/07\/MathildaPaatz_2022_2_1000px.jpg 1000w, https:\/\/mathilda-paatz.com\/wp-content\/uploads\/2022\/07\/MathildaPaatz_2022_2_1000px-768x512.jpg 768w, https:\/\/mathilda-paatz.com\/wp-content\/uploads\/2022\/07\/MathildaPaatz_2022_2_1000px-600x400.jpg 600w, https:\/\/mathilda-paatz.com\/wp-content\/uploads\/2022\/07\/MathildaPaatz_2022_2_1000px-500x334.jpg 500w\" sizes=\"auto, (max-width: 1000px) 100vw, 1000px\" \/><\/figure>\n<\/div>\n\n\n\n<div class=\"wp-block-column is-vertically-aligned-center is-layout-flow wp-block-column-is-layout-flow\">\n<p class=\"has-medium-font-size wp-block-paragraph translation-block\">In a<strong> two-part documentary<\/strong> broadcast on NDR on 25 September and 2 October 2022, \"Sportclub Story\" author Boris Poscharsky follows four female racers from different generations, including Mathilda Paatz.<\/p>\n\n\n\n<div class=\"wp-block-buttons is-horizontal is-content-justification-center is-layout-flex wp-container-core-buttons-is-layout-499968f5 wp-block-buttons-is-layout-flex\">\n<div class=\"wp-block-button has-custom-width wp-block-button__width-100\"><a class=\"wp-block-button__link has-white-color has-luminous-vivid-orange-background-color has-text-color has-background wp-element-button\" href=\"https:\/\/youtu.be\/w5g2v6Zot_Y\" style=\"border-radius:2px\" target=\"_blank\" rel=\"https:\/\/motorsport-nordrhein.de\/wp-content\/uploads\/2021\/03\/ADAC-Report_03-2021_b1.pdf noopener\">Watch now: Part 1<\/a><\/div>\n\n\n\n<div class=\"wp-block-button has-custom-width wp-block-button__width-100\"><a class=\"wp-block-button__link has-white-color has-luminous-vivid-orange-background-color has-text-color has-background wp-element-button\" href=\"https:\/\/www.youtube.com\/watch?v=wFLgci332xk\" style=\"border-radius:2px\" target=\"_blank\" rel=\"https:\/\/motorsport-nordrhein.de\/wp-content\/uploads\/2021\/03\/ADAC-Report_03-2021_b1.pdf noopener\">Watch now: Part 2<\/a><\/div>\n\n\n\n<div class=\"wp-block-button has-custom-width wp-block-button__width-100 is-style-outline is-style-outline--5\"><a class=\"wp-block-button__link has-luminous-vivid-orange-color has-text-color wp-element-button\" href=\"https:\/\/www.ndr.de\/fernsehen\/sendungen\/sportclub\/Sportclub-Story-Speed-Queens-1-Frauen-fuer-die-Formel-1,sendung1291434.html\" style=\"border-radius:2px\" target=\"_blank\" rel=\"https:\/\/motorsport-nordrhein.de noopener\">go to Sportclub Story<\/a><\/div>\n<\/div>\n<\/div>\n<\/div>\n\n\n\n<h2 class=\"wp-block-heading\" id=\"adac-report-juli-2021\">Sportradio Deutschland: Interview<\/h2>\n\n\n\n<div class=\"wp-block-columns is-layout-flex wp-container-core-columns-is-layout-9d6595d7 wp-block-columns-is-layout-flex\">\n<div class=\"wp-block-column is-layout-flow wp-block-column-is-layout-flow\">\n<figure class=\"wp-block-image size-full\"><img loading=\"lazy\" decoding=\"async\" width=\"1000\" height=\"667\" src=\"https:\/\/mathilda-paatz.com\/wp-content\/uploads\/2022\/08\/Sportradio.png\" alt=\"\" class=\"wp-image-1897\" srcset=\"https:\/\/mathilda-paatz.com\/wp-content\/uploads\/2022\/08\/Sportradio.png 1000w, https:\/\/mathilda-paatz.com\/wp-content\/uploads\/2022\/08\/Sportradio-768x512.png 768w, https:\/\/mathilda-paatz.com\/wp-content\/uploads\/2022\/08\/Sportradio-18x12.png 18w, https:\/\/mathilda-paatz.com\/wp-content\/uploads\/2022\/08\/Sportradio-600x400.png 600w, https:\/\/mathilda-paatz.com\/wp-content\/uploads\/2022\/08\/Sportradio-500x334.png 500w\" sizes=\"auto, (max-width: 1000px) 100vw, 1000px\" \/><\/figure>\n<\/div>\n\n\n\n<div class=\"wp-block-column is-vertically-aligned-center is-layout-flow wp-block-column-is-layout-flow\">\n<p class=\"has-medium-font-size wp-block-paragraph translation-block\">On 28 August 2022, Mathilda Paatz could be heard on <strong>Sportradio Deutschland<\/strong>. In Oliver Fa\u00dfnacht's all-in series \"Women in Motorsport\", the woman from the Rhineland talked about her activities in motorsport and plans for the future.<\/p>\n\n\n\n<figure class=\"wp-block-audio\"><audio controls src=\"https:\/\/mathilda-paatz.com\/wp-content\/uploads\/2022\/08\/Talk-MATHILDA-PAATZ-bei-Oliver-Fassnacht-28-08-2022-A-ALL-IN_-Frauen-im-Motorsport-_Sportradio-Deutsc.mp3\"><\/audio><\/figure>\n\n\n\n<div class=\"wp-block-buttons is-horizontal is-content-justification-center is-layout-flex wp-container-core-buttons-is-layout-499968f5 wp-block-buttons-is-layout-flex\">\n<div class=\"wp-block-button has-custom-width wp-block-button__width-100\"><a class=\"wp-block-button__link has-white-color has-luminous-vivid-orange-background-color has-text-color has-background wp-element-button\" href=\"https:\/\/sportradio-deutschland.de\/interview\/2022-08-mathilda-paatz-frauen-im-motorsport-rennsport\" style=\"border-radius:2px\" target=\"_blank\" rel=\"https:\/\/motorsport-nordrhein.de\/wp-content\/uploads\/2021\/03\/ADAC-Report_03-2021_b1.pdf noopener\">Listen now (in German)<\/a><\/div>\n\n\n\n<div class=\"wp-block-button has-custom-width wp-block-button__width-100 is-style-outline is-style-outline--6\"><a class=\"wp-block-button__link has-luminous-vivid-orange-color has-text-color wp-element-button\" href=\"https:\/\/sportradio-deutschland.de\" style=\"border-radius:2px\" target=\"_blank\" rel=\"https:\/\/motorsport-nordrhein.de noopener\">to Sports Radio Germany<\/a><\/div>\n<\/div>\n<\/div>\n<\/div>\n\n\n\n<h2 class=\"wp-block-heading\" id=\"adac-report-juli-2021\">WDR &#8211; Lokalzeit aus K\u00f6ln<\/h2>\n\n\n\n<div class=\"wp-block-columns is-layout-flex wp-container-core-columns-is-layout-9d6595d7 wp-block-columns-is-layout-flex\">\n<div class=\"wp-block-column is-layout-flow wp-block-column-is-layout-flow\">\n<figure class=\"wp-block-embed is-type-video is-provider-youtube wp-block-embed-youtube wp-embed-aspect-16-9 wp-has-aspect-ratio\"><div class=\"wp-block-embed__wrapper\">\n <div class=\"brlbs-cmpnt-container brlbs-cmpnt-content-blocker brlbs-cmpnt-with-individual-styles\" data-borlabs-cookie-content-blocker-id=\"youtube-content-blocker\" data-borlabs-cookie-content=\"PGlmcmFtZSB0aXRsZT0iV0RSIExva2FsemVpdCBhdXMgS8O2bG46IE1hdGhpbGRhIFBhYXR6IFsxNi4gQXVndXN0IDIwMjJdIiB3aWR0aD0iNTAwIiBoZWlnaHQ9IjI4MSIgc3JjPSJodHRwczovL3d3dy55b3V0dWJlLW5vY29va2llLmNvbS9lbWJlZC81alY2OEtpQkFRQT9mZWF0dXJlPW9lbWJlZCIgZnJhbWVib3JkZXI9IjAiIGFsbG93PSJhY2NlbGVyb21ldGVyOyBhdXRvcGxheTsgY2xpcGJvYXJkLXdyaXRlOyBlbmNyeXB0ZWQtbWVkaWE7IGd5cm9zY29wZTsgcGljdHVyZS1pbi1waWN0dXJlOyB3ZWItc2hhcmUiIHJlZmVycmVycG9saWN5PSJzdHJpY3Qtb3JpZ2luLXdoZW4tY3Jvc3Mtb3JpZ2luIiBhbGxvd2Z1bGxzY3JlZW4+PC9pZnJhbWU+\"><div class=\"brlbs-cmpnt-cb-preset-c brlbs-cmpnt-cb-youtube\"> <div class=\"brlbs-cmpnt-cb-thumbnail\" style=\"background-image: url('https:\/\/mathilda-paatz.com\/wp-content\/uploads\/borlabs-cookie\/1\/yt_5jV68KiBAQA_hqdefault.jpg')\"><\/div> <div class=\"brlbs-cmpnt-cb-main\"> <div class=\"brlbs-cmpnt-cb-play-button\"><\/div> <div class=\"brlbs-cmpnt-cb-content\"> <p class=\"brlbs-cmpnt-cb-description\">You are currently viewing a placeholder content from <strong>YouTube<\/strong>. To access the actual content, click the button below. Please note that doing so will share data with third-party providers.<\/p> <a class=\"brlbs-cmpnt-cb-provider-toggle\" href=\"#\" data-borlabs-cookie-show-provider-information role=\"button\">More Information<\/a> <\/div> <div class=\"brlbs-cmpnt-cb-buttons\"> <a class=\"brlbs-cmpnt-cb-btn\" href=\"#\" data-borlabs-cookie-unblock role=\"button\">Unblock content<\/a> <a class=\"brlbs-cmpnt-cb-btn\" href=\"#\" data-borlabs-cookie-accept-service role=\"button\" style=\"display: inherit\">Accept required service and unblock content<\/a> <\/div> <\/div> <\/div><\/div>\n<\/div><\/figure>\n<\/div>\n\n\n\n<div class=\"wp-block-column is-vertically-aligned-center is-layout-flow wp-block-column-is-layout-flow\">\n<p class=\"has-medium-font-size wp-block-paragraph translation-block\">The <strong>Westdeutsche Rundfunk (WDR) <\/strong>accompanied Mathilda Paatz on the go-kart track and during fitness training. The report was broadcast on August 16, 2022 in the <strong>Lokalzeit aus K\u00f6ln<\/strong>. In addition, there was a small <a href=\"https:\/\/www.facebook.com\/wdrlokalzeitkoeln\/videos\/1159584057934627\/\" target=\"_self\">video<\/a> on the Facebook page.<\/p>\n\n\n\n<div class=\"wp-block-buttons is-horizontal is-content-justification-center is-layout-flex wp-container-core-buttons-is-layout-499968f5 wp-block-buttons-is-layout-flex\">\n<div class=\"wp-block-button has-custom-width wp-block-button__width-100\"><a class=\"wp-block-button__link has-white-color has-luminous-vivid-orange-background-color has-text-color has-background wp-element-button\" href=\"https:\/\/youtu.be\/5jV68KiBAQA\" style=\"border-radius:2px\" target=\"_blank\" rel=\"noreferrer noopener\">Watch now (in German)<\/a><\/div>\n\n\n\n<div class=\"wp-block-button has-custom-width wp-block-button__width-100 is-style-outline is-style-outline--7\"><a class=\"wp-block-button__link has-luminous-vivid-orange-color has-text-color wp-element-button\" href=\"https:\/\/www1.wdr.de\/index.html\" style=\"border-radius:2px\" target=\"_blank\" rel=\"https:\/\/motorsport-nordrhein.de noopener\">to WDR<\/a><\/div>\n<\/div>\n<\/div>\n<\/div>\n\n\n\n<h2 class=\"wp-block-heading\" id=\"adac-report-mai-2021\">K\u00f6lner Stadtanzeiger<\/h2>\n\n\n\n<div class=\"wp-block-columns is-layout-flex wp-container-core-columns-is-layout-9d6595d7 wp-block-columns-is-layout-flex\">\n<div class=\"wp-block-column is-layout-flow wp-block-column-is-layout-flow\">\n<figure class=\"wp-block-image size-full\"><img loading=\"lazy\" decoding=\"async\" width=\"1600\" height=\"900\" src=\"https:\/\/mathilda-paatz.com\/wp-content\/uploads\/2022\/08\/KSTA2022.png\" alt=\"\" class=\"wp-image-1820\" srcset=\"https:\/\/mathilda-paatz.com\/wp-content\/uploads\/2022\/08\/KSTA2022.png 1600w, https:\/\/mathilda-paatz.com\/wp-content\/uploads\/2022\/08\/KSTA2022-768x432.png 768w, https:\/\/mathilda-paatz.com\/wp-content\/uploads\/2022\/08\/KSTA2022-1536x864.png 1536w, https:\/\/mathilda-paatz.com\/wp-content\/uploads\/2022\/08\/KSTA2022-500x281.png 500w\" sizes=\"auto, (max-width: 1600px) 100vw, 1600px\" \/><\/figure>\n<\/div>\n\n\n\n<div class=\"wp-block-column is-vertically-aligned-center is-layout-flow wp-block-column-is-layout-flow\">\n<p class=\"has-medium-font-size wp-block-paragraph\">In August 2022, before the home race of the ADAC Kart Masters in Kerpen, the K\u00f6lner Stadtanzeiger reports on Mathilda Paatz in several issues.<\/p>\n\n\n\n<div class=\"wp-block-buttons is-horizontal is-content-justification-center is-layout-flex wp-container-core-buttons-is-layout-499968f5 wp-block-buttons-is-layout-flex\">\n<div class=\"wp-block-button has-custom-width wp-block-button__width-100\"><a class=\"wp-block-button__link has-white-color has-luminous-vivid-orange-background-color has-text-color has-background wp-element-button\" href=\"https:\/\/mathilda-paatz.com\/wp-content\/uploads\/2022\/08\/KSTA2022.pdf\" style=\"border-radius:2px\" target=\"_blank\" rel=\"https:\/\/motorsport-nordrhein.de\/wp-content\/uploads\/2021\/03\/ADAC-Report_03-2021_b1.pdf noopener\">Download now<\/a><\/div>\n\n\n\n<div class=\"wp-block-button has-custom-width wp-block-button__width-100 is-style-outline is-style-outline--8\"><a class=\"wp-block-button__link has-luminous-vivid-orange-color has-text-color wp-element-button\" href=\"https:\/\/www.ksta.de\/region\/rhein-berg-oberberg\/koelner-schuelerin-im-kart-erfolgreich--jungs-moegen-es-nicht--wenn-ich-schneller-bin--39860248\" style=\"border-radius:2px\" target=\"_blank\" rel=\"https:\/\/motorsport-nordrhein.de noopener\">to K\u00f6lner Stadtanzeiger<\/a><\/div>\n<\/div>\n<\/div>\n<\/div>\n\n\n\n<h2 class=\"wp-block-heading\" id=\"adac-report-marz-2021\">ADAC Nordrhein Report<\/h2>\n\n\n\n<div class=\"wp-block-columns is-layout-flex wp-container-core-columns-is-layout-9d6595d7 wp-block-columns-is-layout-flex\">\n<div class=\"wp-block-column is-layout-flow wp-block-column-is-layout-flow\" style=\"flex-basis:100%\">\n<div class=\"wp-block-columns is-layout-flex wp-container-core-columns-is-layout-9d6595d7 wp-block-columns-is-layout-flex\">\n<div class=\"wp-block-column is-layout-flow wp-block-column-is-layout-flow\">\n<figure class=\"wp-block-image size-full\"><img loading=\"lazy\" decoding=\"async\" width=\"1600\" height=\"900\" src=\"http:\/\/mathilda-paatz.de\/wp-content\/uploads\/2021\/03\/ADACReport_032021.png\" alt=\"\" class=\"wp-image-1427\" srcset=\"https:\/\/mathilda-paatz.com\/wp-content\/uploads\/2021\/03\/ADACReport_032021.png 1600w, https:\/\/mathilda-paatz.com\/wp-content\/uploads\/2021\/03\/ADACReport_032021-768x432.png 768w, https:\/\/mathilda-paatz.com\/wp-content\/uploads\/2021\/03\/ADACReport_032021-1536x864.png 1536w, https:\/\/mathilda-paatz.com\/wp-content\/uploads\/2021\/03\/ADACReport_032021-500x281.png 500w\" sizes=\"auto, (max-width: 1600px) 100vw, 1600px\" \/><\/figure>\n<\/div>\n\n\n\n<div class=\"wp-block-column is-vertically-aligned-center is-layout-flow wp-block-column-is-layout-flow\">\n<p class=\"has-medium-font-size wp-block-paragraph translation-block\">The <strong>ADAC Nordrhein Report<\/strong> regularly reports on Mathilda Paatz. A major feature will be printed in March 2021: The speed girl from Cologne loves speed and has big goals for the new season, in which she will be competing in the OK Junior.<\/p>\n\n\n\n<div class=\"wp-block-buttons is-horizontal is-content-justification-center is-layout-flex wp-container-core-buttons-is-layout-499968f5 wp-block-buttons-is-layout-flex\">\n<div class=\"wp-block-button has-custom-width wp-block-button__width-100\"><a class=\"wp-block-button__link has-white-color has-luminous-vivid-orange-background-color has-text-color has-background wp-element-button\" href=\"https:\/\/motorsport-nordrhein.de\/wp-content\/uploads\/2021\/03\/ADAC-Report_03-2021_b1.pdf\" style=\"border-radius:2px\" target=\"_blank\" rel=\"https:\/\/motorsport-nordrhein.de\/wp-content\/uploads\/2021\/03\/ADAC-Report_03-2021_b1.pdf noopener\">Download now<\/a><\/div>\n\n\n\n<div class=\"wp-block-button has-custom-width wp-block-button__width-100 is-style-outline is-style-outline--9\"><a class=\"wp-block-button__link has-luminous-vivid-orange-color has-text-color wp-element-button\" href=\"https:\/\/motorsport-nordrhein.de\/downloads\/report\/\" style=\"border-radius:2px\" target=\"_blank\" rel=\"https:\/\/motorsport-nordrhein.de noopener\">to ADAC Nordrhein<\/a><\/div>\n<\/div>\n<\/div>\n<\/div>\n<\/div>\n<\/div>\n\n\n\n<h2 class=\"wp-block-heading\" id=\"motorsport-xl-marz-2021\">Motorsport XL<\/h2>\n\n\n\n<div class=\"wp-block-columns is-layout-flex wp-container-core-columns-is-layout-9d6595d7 wp-block-columns-is-layout-flex\">\n<div class=\"wp-block-column is-layout-flow wp-block-column-is-layout-flow\">\n<figure class=\"wp-block-image size-large\"><img loading=\"lazy\" decoding=\"async\" width=\"1600\" height=\"900\" src=\"http:\/\/mathilda-paatz.de\/wp-content\/uploads\/2021\/03\/MotorsportXL_032021.png\" alt=\"\" class=\"wp-image-1431\" srcset=\"https:\/\/mathilda-paatz.com\/wp-content\/uploads\/2021\/03\/MotorsportXL_032021.png 1600w, https:\/\/mathilda-paatz.com\/wp-content\/uploads\/2021\/03\/MotorsportXL_032021-768x432.png 768w, https:\/\/mathilda-paatz.com\/wp-content\/uploads\/2021\/03\/MotorsportXL_032021-1536x864.png 1536w, https:\/\/mathilda-paatz.com\/wp-content\/uploads\/2021\/03\/MotorsportXL_032021-500x281.png 500w\" sizes=\"auto, (max-width: 1600px) 100vw, 1600px\" \/><\/figure>\n<\/div>\n\n\n\n<div class=\"wp-block-column is-vertically-aligned-center is-layout-flow wp-block-column-is-layout-flow\">\n<p class=\"has-medium-font-size wp-block-paragraph translation-block\">In March 2021, <strong>Motorsport XL <\/strong>printed an interview with Mathilda Paatz. The then twelve-year-old talks about her future, plans for the 2021 season and her passion for winter sports.<\/p>\n\n\n\n<div class=\"wp-block-buttons is-horizontal is-content-justification-center is-layout-flex wp-container-core-buttons-is-layout-499968f5 wp-block-buttons-is-layout-flex\">\n<div class=\"wp-block-button has-custom-width wp-block-button__width-100\"><a class=\"wp-block-button__link has-white-color has-luminous-vivid-orange-background-color has-text-color has-background wp-element-button\" href=\"http:\/\/mathilda-paatz.de\/wp-content\/uploads\/2021\/03\/Paatz_MotorsportXL.pdf\" style=\"border-radius:2px\" target=\"_blank\" rel=\"noreferrer noopener\">Download now<\/a><\/div>\n\n\n\n<div class=\"wp-block-button has-custom-width wp-block-button__width-100 is-style-outline is-style-outline--10\"><a class=\"wp-block-button__link has-luminous-vivid-orange-color has-text-color wp-element-button\" href=\"https:\/\/www.motorsport-xl.de\/\" style=\"border-radius:2px\" target=\"_blank\" rel=\"noreferrer noopener\">to Motorsport XL<\/a><\/div>\n<\/div>\n<\/div>\n<\/div>","protected":false},"excerpt":{"rendered":"<p>In der Vergangenheit sorgte Mathilda Paatz nicht nur auf der Rennstrecke f\u00fcr Aufsehen. Verschiedene Medien, darunter vor allem der ADAC Nordrhein, Motorsport XL und Kart-Magazin.de, berichten regelm\u00e4\u00dfig \u00fcber die junge Rennfahrerin und ihre Erfolge im Rennsport. Auch in internationalen Publikationen und Online-Magazinen wird Mathilda Paatz erw\u00e4hnt. Die besten Artikel bzw. Videos sind hier zum Nachlesen und Anschauen zusammengefasst. K\u00f6lner Stadtanzeiger Im Januar 2024 berichtet der K\u00f6lner Stadtanzeiger \u00fcber den Aufstieg von Mathilda Paatz in die Formel 4 sowie den Traum, eines Tages in der Formel 1 zu starten. PITWALK: &#8222;Waltzing Mathilda&#8220; Im September 2023 erschien im Motorsportmagazin &#8222;PITWALK&#8220; von Norbert <a href=\"https:\/\/mathilda-paatz.com\/en\/presse\/\"><span class=\"meta-nav\">Weiterlesen&#8230;<\/span><\/a><\/p>","protected":false},"author":1,"featured_media":0,"parent":0,"menu_order":0,"comment_status":"closed","ping_status":"closed","template":"","meta":{"_crdt_document":"","footnotes":""},"class_list":["post-1426","page","type-page","status-publish","hentry"],"yoast_head":"<!-- This site is optimized with the Yoast SEO plugin v26.8 - https:\/\/yoast.com\/product\/yoast-seo-wordpress\/ -->\n<title>Presse &#187; Mathilda Paatz<\/title>\n<meta name=\"robots\" content=\"index, follow, max-snippet:-1, max-image-preview:large, max-video-preview:-1\" \/>\n<link rel=\"canonical\" href=\"https:\/\/mathilda-paatz.com\/en\/presse\/\" \/>\n<meta property=\"og:locale\" content=\"en_GB\" \/>\n<meta property=\"og:type\" content=\"article\" \/>\n<meta property=\"og:title\" content=\"Presse &#187; Mathilda Paatz\" \/>\n<meta property=\"og:description\" content=\"In der Vergangenheit sorgte Mathilda Paatz nicht nur auf der Rennstrecke f\u00fcr Aufsehen. Verschiedene Medien, darunter vor allem der ADAC Nordrhein, Motorsport XL und Kart-Magazin.de, berichten regelm\u00e4\u00dfig \u00fcber die junge Rennfahrerin und ihre Erfolge im Rennsport. Auch in internationalen Publikationen und Online-Magazinen wird Mathilda Paatz erw\u00e4hnt. Die besten Artikel bzw. Videos sind hier zum Nachlesen und Anschauen zusammengefasst. K\u00f6lner Stadtanzeiger Im Januar 2024 berichtet der K\u00f6lner Stadtanzeiger \u00fcber den Aufstieg von Mathilda Paatz in die Formel 4 sowie den Traum, eines Tages in der Formel 1 zu starten. PITWALK: &#8222;Waltzing Mathilda&#8220; Im September 2023 erschien im Motorsportmagazin &#8222;PITWALK&#8220; von Norbert Weiterlesen...\" \/>\n<meta property=\"og:url\" content=\"https:\/\/mathilda-paatz.com\/en\/presse\/\" \/>\n<meta property=\"og:site_name\" content=\"Mathilda Paatz\" \/>\n<meta property=\"article:modified_time\" content=\"2024-09-06T08:07:12+00:00\" \/>\n<meta property=\"og:image\" content=\"https:\/\/mathilda-paatz.com\/wp-content\/uploads\/2024\/09\/KSTA2024.png\" \/>\n<meta name=\"twitter:card\" content=\"summary_large_image\" \/>\n<meta name=\"twitter:label1\" content=\"Estimated reading time\" \/>\n\t<meta name=\"twitter:data1\" content=\"5 minutes\" \/>\n<script type=\"application\/ld+json\" class=\"yoast-schema-graph\">{\"@context\":\"https:\/\/schema.org\",\"@graph\":[{\"@type\":\"WebPage\",\"@id\":\"https:\/\/mathilda-paatz.com\/presse\/\",\"url\":\"https:\/\/mathilda-paatz.com\/presse\/\",\"name\":\"Presse &#187; Mathilda Paatz\",\"isPartOf\":{\"@id\":\"https:\/\/mathilda-paatz.com\/#website\"},\"primaryImageOfPage\":{\"@id\":\"https:\/\/mathilda-paatz.com\/presse\/#primaryimage\"},\"image\":{\"@id\":\"https:\/\/mathilda-paatz.com\/presse\/#primaryimage\"},\"thumbnailUrl\":\"https:\/\/mathilda-paatz.com\/wp-content\/uploads\/2024\/09\/KSTA2024.png\",\"datePublished\":\"2021-03-15T17:24:47+00:00\",\"dateModified\":\"2024-09-06T08:07:12+00:00\",\"breadcrumb\":{\"@id\":\"https:\/\/mathilda-paatz.com\/presse\/#breadcrumb\"},\"inLanguage\":\"en-GB\",\"potentialAction\":[{\"@type\":\"ReadAction\",\"target\":[\"https:\/\/mathilda-paatz.com\/presse\/\"]}]},{\"@type\":\"ImageObject\",\"inLanguage\":\"en-GB\",\"@id\":\"https:\/\/mathilda-paatz.com\/presse\/#primaryimage\",\"url\":\"https:\/\/mathilda-paatz.com\/wp-content\/uploads\/2024\/09\/KSTA2024.png\",\"contentUrl\":\"https:\/\/mathilda-paatz.com\/wp-content\/uploads\/2024\/09\/KSTA2024.png\"},{\"@type\":\"BreadcrumbList\",\"@id\":\"https:\/\/mathilda-paatz.com\/presse\/#breadcrumb\",\"itemListElement\":[{\"@type\":\"ListItem\",\"position\":1,\"name\":\"Startseite\",\"item\":\"https:\/\/mathilda-paatz.com\/\"},{\"@type\":\"ListItem\",\"position\":2,\"name\":\"Presse\"}]},{\"@type\":\"WebSite\",\"@id\":\"https:\/\/mathilda-paatz.com\/#website\",\"url\":\"https:\/\/mathilda-paatz.com\/\",\"name\":\"Mathilda Paatz\",\"description\":\"Das Speedgirl aus K\u00f6ln\",\"publisher\":{\"@id\":\"https:\/\/mathilda-paatz.com\/#\/schema\/person\/bb1118b4bd0b68d5583bdc80c9b6d30e\"},\"potentialAction\":[{\"@type\":\"SearchAction\",\"target\":{\"@type\":\"EntryPoint\",\"urlTemplate\":\"https:\/\/mathilda-paatz.com\/?s={search_term_string}\"},\"query-input\":{\"@type\":\"PropertyValueSpecification\",\"valueRequired\":true,\"valueName\":\"search_term_string\"}}],\"inLanguage\":\"en-GB\"},{\"@type\":[\"Person\",\"Organization\"],\"@id\":\"https:\/\/mathilda-paatz.com\/#\/schema\/person\/bb1118b4bd0b68d5583bdc80c9b6d30e\",\"name\":\"Mathilda Paatz\",\"image\":{\"@type\":\"ImageObject\",\"inLanguage\":\"en-GB\",\"@id\":\"https:\/\/mathilda-paatz.com\/#\/schema\/person\/image\/\",\"url\":\"https:\/\/mathilda-paatz.com\/wp-content\/uploads\/2021\/01\/cropped-Speedgirl_Logo.png\",\"contentUrl\":\"https:\/\/mathilda-paatz.com\/wp-content\/uploads\/2021\/01\/cropped-Speedgirl_Logo.png\",\"width\":512,\"height\":512,\"caption\":\"Mathilda Paatz\"},\"logo\":{\"@id\":\"https:\/\/mathilda-paatz.com\/#\/schema\/person\/image\/\"},\"sameAs\":[\"https:\/\/mathilda-paatz.com\",\"https:\/\/www.instagram.com\/mathilda_paatz\/\"]}]}<\/script>\n<!-- \/ Yoast SEO plugin. -->","yoast_head_json":{"title":"Presse &#187; Mathilda Paatz","robots":{"index":"index","follow":"follow","max-snippet":"max-snippet:-1","max-image-preview":"max-image-preview:large","max-video-preview":"max-video-preview:-1"},"canonical":"https:\/\/mathilda-paatz.com\/en\/presse\/","og_locale":"en_GB","og_type":"article","og_title":"Presse &#187; Mathilda Paatz","og_description":"In der Vergangenheit sorgte Mathilda Paatz nicht nur auf der Rennstrecke f\u00fcr Aufsehen. Verschiedene Medien, darunter vor allem der ADAC Nordrhein, Motorsport XL und Kart-Magazin.de, berichten regelm\u00e4\u00dfig \u00fcber die junge Rennfahrerin und ihre Erfolge im Rennsport. Auch in internationalen Publikationen und Online-Magazinen wird Mathilda Paatz erw\u00e4hnt. Die besten Artikel bzw. Videos sind hier zum Nachlesen und Anschauen zusammengefasst. K\u00f6lner Stadtanzeiger Im Januar 2024 berichtet der K\u00f6lner Stadtanzeiger \u00fcber den Aufstieg von Mathilda Paatz in die Formel 4 sowie den Traum, eines Tages in der Formel 1 zu starten. PITWALK: &#8222;Waltzing Mathilda&#8220; Im September 2023 erschien im Motorsportmagazin &#8222;PITWALK&#8220; von Norbert Weiterlesen...","og_url":"https:\/\/mathilda-paatz.com\/en\/presse\/","og_site_name":"Mathilda Paatz","article_modified_time":"2024-09-06T08:07:12+00:00","og_image":[{"url":"https:\/\/mathilda-paatz.com\/wp-content\/uploads\/2024\/09\/KSTA2024.png","type":"","width":"","height":""}],"twitter_card":"summary_large_image","twitter_misc":{"Estimated reading time":"5 minutes"},"schema":{"@context":"https:\/\/schema.org","@graph":[{"@type":"WebPage","@id":"https:\/\/mathilda-paatz.com\/presse\/","url":"https:\/\/mathilda-paatz.com\/presse\/","name":"Presse &#187; Mathilda Paatz","isPartOf":{"@id":"https:\/\/mathilda-paatz.com\/#website"},"primaryImageOfPage":{"@id":"https:\/\/mathilda-paatz.com\/presse\/#primaryimage"},"image":{"@id":"https:\/\/mathilda-paatz.com\/presse\/#primaryimage"},"thumbnailUrl":"https:\/\/mathilda-paatz.com\/wp-content\/uploads\/2024\/09\/KSTA2024.png","datePublished":"2021-03-15T17:24:47+00:00","dateModified":"2024-09-06T08:07:12+00:00","breadcrumb":{"@id":"https:\/\/mathilda-paatz.com\/presse\/#breadcrumb"},"inLanguage":"en-GB","potentialAction":[{"@type":"ReadAction","target":["https:\/\/mathilda-paatz.com\/presse\/"]}]},{"@type":"ImageObject","inLanguage":"en-GB","@id":"https:\/\/mathilda-paatz.com\/presse\/#primaryimage","url":"https:\/\/mathilda-paatz.com\/wp-content\/uploads\/2024\/09\/KSTA2024.png","contentUrl":"https:\/\/mathilda-paatz.com\/wp-content\/uploads\/2024\/09\/KSTA2024.png"},{"@type":"BreadcrumbList","@id":"https:\/\/mathilda-paatz.com\/presse\/#breadcrumb","itemListElement":[{"@type":"ListItem","position":1,"name":"Startseite","item":"https:\/\/mathilda-paatz.com\/"},{"@type":"ListItem","position":2,"name":"Presse"}]},{"@type":"WebSite","@id":"https:\/\/mathilda-paatz.com\/#website","url":"https:\/\/mathilda-paatz.com\/","name":"Mathilda Paatz","description":"Das Speedgirl aus K\u00f6ln","publisher":{"@id":"https:\/\/mathilda-paatz.com\/#\/schema\/person\/bb1118b4bd0b68d5583bdc80c9b6d30e"},"potentialAction":[{"@type":"SearchAction","target":{"@type":"EntryPoint","urlTemplate":"https:\/\/mathilda-paatz.com\/?s={search_term_string}"},"query-input":{"@type":"PropertyValueSpecification","valueRequired":true,"valueName":"search_term_string"}}],"inLanguage":"en-GB"},{"@type":["Person","Organization"],"@id":"https:\/\/mathilda-paatz.com\/#\/schema\/person\/bb1118b4bd0b68d5583bdc80c9b6d30e","name":"Mathilda Paatz","image":{"@type":"ImageObject","inLanguage":"en-GB","@id":"https:\/\/mathilda-paatz.com\/#\/schema\/person\/image\/","url":"https:\/\/mathilda-paatz.com\/wp-content\/uploads\/2021\/01\/cropped-Speedgirl_Logo.png","contentUrl":"https:\/\/mathilda-paatz.com\/wp-content\/uploads\/2021\/01\/cropped-Speedgirl_Logo.png","width":512,"height":512,"caption":"Mathilda Paatz"},"logo":{"@id":"https:\/\/mathilda-paatz.com\/#\/schema\/person\/image\/"},"sameAs":["https:\/\/mathilda-paatz.com","https:\/\/www.instagram.com\/mathilda_paatz\/"]}]}},"_links":{"self":[{"href":"https:\/\/mathilda-paatz.com\/en\/wp-json\/wp\/v2\/pages\/1426","targetHints":{"allow":["GET"]}}],"collection":[{"href":"https:\/\/mathilda-paatz.com\/en\/wp-json\/wp\/v2\/pages"}],"about":[{"href":"https:\/\/mathilda-paatz.com\/en\/wp-json\/wp\/v2\/types\/page"}],"author":[{"embeddable":true,"href":"https:\/\/mathilda-paatz.com\/en\/wp-json\/wp\/v2\/users\/1"}],"replies":[{"embeddable":true,"href":"https:\/\/mathilda-paatz.com\/en\/wp-json\/wp\/v2\/comments?post=1426"}],"version-history":[{"count":9,"href":"https:\/\/mathilda-paatz.com\/en\/wp-json\/wp\/v2\/pages\/1426\/revisions"}],"predecessor-version":[{"id":2183,"href":"https:\/\/mathilda-paatz.com\/en\/wp-json\/wp\/v2\/pages\/1426\/revisions\/2183"}],"wp:attachment":[{"href":"https:\/\/mathilda-paatz.com\/en\/wp-json\/wp\/v2\/media?parent=1426"}],"curies":[{"name":"wp","href":"https:\/\/api.w.org\/{rel}","templated":true}]}}