{"id":1426,"date":"2021-03-15T18:24:47","date_gmt":"2021-03-15T17:24:47","guid":{"rendered":"http:\/\/mathilda-paatz.de\/?page_id=1426"},"modified":"2024-09-06T10:07:12","modified_gmt":"2024-09-06T08:07:12","slug":"presse","status":"publish","type":"page","link":"https:\/\/mathilda-paatz.com\/de\/presse\/","title":{"rendered":"Presse"},"content":{"rendered":"\n<p class=\"wp-block-paragraph\">In der Vergangenheit sorgte Mathilda Paatz nicht nur auf der Rennstrecke f\u00fcr Aufsehen. Verschiedene Medien, darunter vor allem der <a href=\"https:\/\/motorsport-nordrhein.de\/\">ADAC Nordrhein<\/a>, <a href=\"https:\/\/www.motorsport-xl.de\/\" target=\"_blank\" rel=\"noreferrer noopener\">Motorsport XL<\/a> und <a href=\"https:\/\/www.kart-magazin.de\/\" target=\"_blank\" rel=\"noreferrer noopener\">Kart-Magazin.de<\/a>, berichten regelm\u00e4\u00dfig \u00fcber die junge Rennfahrerin und ihre Erfolge im Rennsport. Auch in <a href=\"https:\/\/www.kartxpress.com\/ReadMore\/lady-champions-cardinali-and-the-b224bickov224-the-best\" target=\"_blank\" rel=\"noreferrer noopener\">internationalen Publikationen<\/a> und <a href=\"https:\/\/www.racers-behindthehelmet.com\/post\/motorsport-games-mathilda-paatz-almost-in-the-top-10-in-karting-junior-finale\" target=\"_blank\" rel=\"noreferrer noopener\">Online-Magazinen<\/a> wird Mathilda Paatz erw\u00e4hnt. Die besten Artikel bzw. Videos sind hier zum Nachlesen und Anschauen zusammengefasst.<\/p>\n\n\n\n<div style=\"height:32px\" aria-hidden=\"true\" class=\"wp-block-spacer\"><\/div>\n\n\n\n<h2 class=\"wp-block-heading\" id=\"adac-report-mai-2021\">K\u00f6lner Stadtanzeiger<\/h2>\n\n\n\n<div class=\"wp-block-columns is-layout-flex wp-container-core-columns-is-layout-9d6595d7 wp-block-columns-is-layout-flex\">\n<div class=\"wp-block-column is-layout-flow wp-block-column-is-layout-flow\">\n<figure class=\"wp-block-image size-full\"><img loading=\"lazy\" decoding=\"async\" width=\"1600\" height=\"900\" src=\"https:\/\/mathilda-paatz.com\/wp-content\/uploads\/2024\/09\/KSTA2024.png\" alt=\"\" class=\"wp-image-2182\" srcset=\"https:\/\/mathilda-paatz.com\/wp-content\/uploads\/2024\/09\/KSTA2024.png 1600w, https:\/\/mathilda-paatz.com\/wp-content\/uploads\/2024\/09\/KSTA2024-768x432.png 768w, https:\/\/mathilda-paatz.com\/wp-content\/uploads\/2024\/09\/KSTA2024-1536x864.png 1536w, https:\/\/mathilda-paatz.com\/wp-content\/uploads\/2024\/09\/KSTA2024-18x10.png 18w, https:\/\/mathilda-paatz.com\/wp-content\/uploads\/2024\/09\/KSTA2024-500x281.png 500w\" sizes=\"auto, (max-width: 1600px) 100vw, 1600px\" \/><\/figure>\n<\/div>\n\n\n\n<div class=\"wp-block-column is-vertically-aligned-center is-layout-flow wp-block-column-is-layout-flow\">\n<p class=\"has-medium-font-size wp-block-paragraph\">Im Januar 2024 berichtet der K\u00f6lner Stadtanzeiger \u00fcber den Aufstieg von Mathilda Paatz in die Formel 4 sowie den Traum, eines Tages in der Formel 1 zu starten.<\/p>\n\n\n\n<div class=\"wp-block-buttons is-horizontal is-content-justification-center is-layout-flex wp-container-core-buttons-is-layout-499968f5 wp-block-buttons-is-layout-flex\">\n<div class=\"wp-block-button has-custom-width wp-block-button__width-100\"><a class=\"wp-block-button__link has-white-color has-luminous-vivid-orange-background-color has-text-color has-background wp-element-button\" href=\"https:\/\/mathilda-paatz.com\/wp-content\/uploads\/2024\/09\/KSTA2024-scaled.jpg\" style=\"border-radius:2px\" target=\"_blank\" rel=\"https:\/\/motorsport-nordrhein.de\/wp-content\/uploads\/2021\/03\/ADAC-Report_03-2021_b1.pdf noopener noreferrer\">Jetzt herunterladen<\/a><\/div>\n\n\n\n<div class=\"wp-block-button has-custom-width wp-block-button__width-100 is-style-outline is-style-outline--1\"><a class=\"wp-block-button__link has-luminous-vivid-orange-color has-text-color wp-element-button\" href=\"https:\/\/www.ksta.de\/sport\/koelner-sport\/mathilda-paatz-diese-junge-koelnerin-traeumt-von-einem-cockpit-in-der-formel-1-719765\" style=\"border-radius:2px\" target=\"_blank\" rel=\"https:\/\/motorsport-nordrhein.de noopener noreferrer\">zum K\u00f6lner Stadtanzeiger<\/a><\/div>\n<\/div>\n<\/div>\n<\/div>\n\n\n\n<h2 class=\"wp-block-heading\" id=\"adac-report-juli-2021\">PITWALK: &#8222;Waltzing Mathilda&#8220;<\/h2>\n\n\n\n<div class=\"wp-block-columns is-layout-flex wp-container-core-columns-is-layout-9d6595d7 wp-block-columns-is-layout-flex\">\n<div class=\"wp-block-column is-layout-flow wp-block-column-is-layout-flow\">\n<figure class=\"wp-block-image size-full\"><img loading=\"lazy\" decoding=\"async\" width=\"1600\" height=\"900\" src=\"https:\/\/mathilda-paatz.com\/wp-content\/uploads\/2023\/09\/PITWALK_2023.png\" alt=\"\" class=\"wp-image-2080\" srcset=\"https:\/\/mathilda-paatz.com\/wp-content\/uploads\/2023\/09\/PITWALK_2023.png 1600w, https:\/\/mathilda-paatz.com\/wp-content\/uploads\/2023\/09\/PITWALK_2023-768x432.png 768w, https:\/\/mathilda-paatz.com\/wp-content\/uploads\/2023\/09\/PITWALK_2023-1536x864.png 1536w, https:\/\/mathilda-paatz.com\/wp-content\/uploads\/2023\/09\/PITWALK_2023-18x10.png 18w, https:\/\/mathilda-paatz.com\/wp-content\/uploads\/2023\/09\/PITWALK_2023-500x281.png 500w\" sizes=\"auto, (max-width: 1600px) 100vw, 1600px\" \/><\/figure>\n<\/div>\n\n\n\n<div class=\"wp-block-column is-vertically-aligned-center is-layout-flow wp-block-column-is-layout-flow\">\n<p class=\"has-medium-font-size wp-block-paragraph\">Im September 2023 erschien im Motorsportmagazin &#8222;PITWALK&#8220; von Norbert Ockenga ein umfassender Bericht \u00fcber Mathilda und ihren Alltag, der von jeder Menge Sport beherrscht wird &#8230;<\/p>\n\n\n\n<div class=\"wp-block-buttons is-horizontal is-content-justification-center is-layout-flex wp-container-core-buttons-is-layout-499968f5 wp-block-buttons-is-layout-flex\">\n<div class=\"wp-block-button has-custom-width wp-block-button__width-100\"><a class=\"wp-block-button__link has-white-color has-luminous-vivid-orange-background-color has-text-color has-background wp-element-button\" href=\"https:\/\/mathilda-paatz.com\/wp-content\/uploads\/2023\/09\/PITWALK_2023_74_Fitness.pdf\" style=\"border-radius:2px\" target=\"_blank\" rel=\"https:\/\/motorsport-nordrhein.de\/wp-content\/uploads\/2021\/03\/ADAC-Report_03-2021_b1.pdf noopener noreferrer\">Jetzt Anschauen<\/a><\/div>\n\n\n\n<div class=\"wp-block-button has-custom-width wp-block-button__width-100 is-style-outline is-style-outline--2\"><a class=\"wp-block-button__link has-luminous-vivid-orange-color has-text-color wp-element-button\" href=\"https:\/\/www.pitwalk.de\/\" style=\"border-radius:2px\" target=\"_blank\" rel=\"https:\/\/motorsport-nordrhein.de noopener noreferrer\">zur PITWALK<\/a><\/div>\n<\/div>\n<\/div>\n<\/div>\n\n\n\n<h2 class=\"wp-block-heading\" id=\"adac-report-juli-2021\">Motorsport XL: &#8222;Eine Frau kann es in die Formel 1 schaffen!&#8220;<\/h2>\n\n\n\n<div class=\"wp-block-columns is-layout-flex wp-container-core-columns-is-layout-9d6595d7 wp-block-columns-is-layout-flex\">\n<div class=\"wp-block-column is-layout-flow wp-block-column-is-layout-flow\">\n<figure class=\"wp-block-image size-full\"><img loading=\"lazy\" decoding=\"async\" width=\"1600\" height=\"900\" src=\"https:\/\/mathilda-paatz.com\/wp-content\/uploads\/2023\/09\/MotorsportXL_2023.png\" alt=\"\" class=\"wp-image-2079\" srcset=\"https:\/\/mathilda-paatz.com\/wp-content\/uploads\/2023\/09\/MotorsportXL_2023.png 1600w, https:\/\/mathilda-paatz.com\/wp-content\/uploads\/2023\/09\/MotorsportXL_2023-768x432.png 768w, https:\/\/mathilda-paatz.com\/wp-content\/uploads\/2023\/09\/MotorsportXL_2023-1536x864.png 1536w, https:\/\/mathilda-paatz.com\/wp-content\/uploads\/2023\/09\/MotorsportXL_2023-18x10.png 18w, https:\/\/mathilda-paatz.com\/wp-content\/uploads\/2023\/09\/MotorsportXL_2023-500x281.png 500w\" sizes=\"auto, (max-width: 1600px) 100vw, 1600px\" \/><\/figure>\n<\/div>\n\n\n\n<div class=\"wp-block-column is-vertically-aligned-center is-layout-flow wp-block-column-is-layout-flow\">\n<p class=\"has-medium-font-size wp-block-paragraph\">Im Januar 2023 wurde in der <strong>Motorsport XL<\/strong> ein Interview mit Mathilda Paatz ver\u00f6ffentlicht, in dem die Nachwuchsrennfahrerin unter anderem \u00fcber die Chancen von der Formel 1 und ihre Ziele f\u00fcr die Zukunft spricht.<\/p>\n\n\n\n<div class=\"wp-block-buttons is-horizontal is-content-justification-center is-layout-flex wp-container-core-buttons-is-layout-499968f5 wp-block-buttons-is-layout-flex\">\n<div class=\"wp-block-button has-custom-width wp-block-button__width-100\"><a class=\"wp-block-button__link has-white-color has-luminous-vivid-orange-background-color has-text-color has-background wp-element-button\" href=\"https:\/\/mathilda-paatz.com\/wp-content\/uploads\/2023\/09\/Mathilda_2023_Interview_MotorsportXL.pdf\" style=\"border-radius:2px\" target=\"_blank\" rel=\"https:\/\/motorsport-nordrhein.de\/wp-content\/uploads\/2021\/03\/ADAC-Report_03-2021_b1.pdf noopener\">Jetzt Anschauen<\/a><\/div>\n\n\n\n<div class=\"wp-block-button has-custom-width wp-block-button__width-100 is-style-outline is-style-outline--3\"><a class=\"wp-block-button__link has-luminous-vivid-orange-color has-text-color wp-element-button\" href=\"https:\/\/www.motorsport-xl.de\/\" style=\"border-radius:2px\" target=\"_blank\" rel=\"https:\/\/motorsport-nordrhein.de noopener\">zur Motorsport XL<\/a><\/div>\n<\/div>\n<\/div>\n<\/div>\n\n\n\n<h2 class=\"wp-block-heading\" id=\"adac-report-juli-2021\">BILD am Sonntag: Deutsche Talente im Rennsport<\/h2>\n\n\n\n<div class=\"wp-block-columns is-layout-flex wp-container-core-columns-is-layout-9d6595d7 wp-block-columns-is-layout-flex\">\n<div class=\"wp-block-column is-layout-flow wp-block-column-is-layout-flow\">\n<figure class=\"wp-block-image size-full\"><img loading=\"lazy\" decoding=\"async\" width=\"2160\" height=\"1620\" src=\"https:\/\/mathilda-paatz.com\/wp-content\/uploads\/2023\/09\/20230719_052324000_iOS.jpg\" alt=\"\" class=\"wp-image-2087\" srcset=\"https:\/\/mathilda-paatz.com\/wp-content\/uploads\/2023\/09\/20230719_052324000_iOS.jpg 2160w, https:\/\/mathilda-paatz.com\/wp-content\/uploads\/2023\/09\/20230719_052324000_iOS-768x576.jpg 768w, https:\/\/mathilda-paatz.com\/wp-content\/uploads\/2023\/09\/20230719_052324000_iOS-1536x1152.jpg 1536w, https:\/\/mathilda-paatz.com\/wp-content\/uploads\/2023\/09\/20230719_052324000_iOS-2048x1536.jpg 2048w, https:\/\/mathilda-paatz.com\/wp-content\/uploads\/2023\/09\/20230719_052324000_iOS-16x12.jpg 16w, https:\/\/mathilda-paatz.com\/wp-content\/uploads\/2023\/09\/20230719_052324000_iOS-500x375.jpg 500w\" sizes=\"auto, (max-width: 2160px) 100vw, 2160px\" \/><\/figure>\n<\/div>\n\n\n\n<div class=\"wp-block-column is-vertically-aligned-center is-layout-flow wp-block-column-is-layout-flow\">\n<p class=\"has-medium-font-size wp-block-paragraph\">Im Juli 2023 erschien in der <strong>BILD am Sonntag<\/strong> eine gro\u00dfe \u00dcbersicht mit den talentierten Nachwuchsrennfahrer*innen in Deutschland. Darin fand auch Mathilda Paatz eine lobenswerte Erw\u00e4hnung.<\/p>\n\n\n\n<div class=\"wp-block-buttons is-horizontal is-content-justification-center is-layout-flex wp-container-core-buttons-is-layout-499968f5 wp-block-buttons-is-layout-flex\">\n<div class=\"wp-block-button has-custom-width wp-block-button__width-100\"><a class=\"wp-block-button__link has-white-color has-luminous-vivid-orange-background-color has-text-color has-background wp-element-button\" href=\"https:\/\/mathilda-paatz.com\/wp-content\/uploads\/2023\/09\/BILDamSonntag_Juli2023.pdf\" style=\"border-radius:2px\" target=\"_blank\" rel=\"https:\/\/motorsport-nordrhein.de\/wp-content\/uploads\/2021\/03\/ADAC-Report_03-2021_b1.pdf noopener\">Jetzt Anschauen<\/a><\/div>\n\n\n\n<div class=\"wp-block-button has-custom-width wp-block-button__width-100 is-style-outline is-style-outline--4\"><a class=\"wp-block-button__link has-luminous-vivid-orange-color has-text-color wp-element-button\" href=\"https:\/\/www.bild.de\/bild-am-sonntag\/bams-besser-leben-buehne\/bild-am-sonntag\/home-28334396.bild.html\" style=\"border-radius:2px\" target=\"_blank\" rel=\"https:\/\/motorsport-nordrhein.de noopener\">zur BILD am Sonntag<\/a><\/div>\n<\/div>\n<\/div>\n<\/div>\n\n\n\n<h2 class=\"wp-block-heading\" id=\"adac-report-juli-2021\">Sportclub Story: Frauen im Motorsport<\/h2>\n\n\n\n<div class=\"wp-block-columns is-layout-flex wp-container-core-columns-is-layout-9d6595d7 wp-block-columns-is-layout-flex\">\n<div class=\"wp-block-column is-layout-flow wp-block-column-is-layout-flow\">\n<figure class=\"wp-block-image size-full\"><img loading=\"lazy\" decoding=\"async\" width=\"1000\" height=\"667\" src=\"https:\/\/mathilda-paatz.com\/wp-content\/uploads\/2022\/07\/MathildaPaatz_2022_2_1000px.jpg\" alt=\"\" class=\"wp-image-1720\" srcset=\"https:\/\/mathilda-paatz.com\/wp-content\/uploads\/2022\/07\/MathildaPaatz_2022_2_1000px.jpg 1000w, https:\/\/mathilda-paatz.com\/wp-content\/uploads\/2022\/07\/MathildaPaatz_2022_2_1000px-768x512.jpg 768w, https:\/\/mathilda-paatz.com\/wp-content\/uploads\/2022\/07\/MathildaPaatz_2022_2_1000px-600x400.jpg 600w, https:\/\/mathilda-paatz.com\/wp-content\/uploads\/2022\/07\/MathildaPaatz_2022_2_1000px-500x334.jpg 500w\" sizes=\"auto, (max-width: 1000px) 100vw, 1000px\" \/><\/figure>\n<\/div>\n\n\n\n<div class=\"wp-block-column is-vertically-aligned-center is-layout-flow wp-block-column-is-layout-flow\">\n<p class=\"has-medium-font-size wp-block-paragraph\">In einer<strong> zweiteiligen Dokumentation<\/strong>, die am 25. September und 2. Oktober 2022 im NDR ausgestrahlt wurde, begleitet &#8222;Sportclub Story&#8220; Autor Boris Poscharsky vier Rennfahrerinnen aus verschiedenen Generationen, darunter auch Mathilda Paatz.<\/p>\n\n\n\n<div class=\"wp-block-buttons is-horizontal is-content-justification-center is-layout-flex wp-container-core-buttons-is-layout-499968f5 wp-block-buttons-is-layout-flex\">\n<div class=\"wp-block-button has-custom-width wp-block-button__width-100\"><a class=\"wp-block-button__link has-white-color has-luminous-vivid-orange-background-color has-text-color has-background wp-element-button\" href=\"https:\/\/youtu.be\/w5g2v6Zot_Y\" style=\"border-radius:2px\" target=\"_blank\" rel=\"https:\/\/motorsport-nordrhein.de\/wp-content\/uploads\/2021\/03\/ADAC-Report_03-2021_b1.pdf noopener\">Jetzt Anschauen: Teil 1<\/a><\/div>\n\n\n\n<div class=\"wp-block-button has-custom-width wp-block-button__width-100\"><a class=\"wp-block-button__link has-white-color has-luminous-vivid-orange-background-color has-text-color has-background wp-element-button\" href=\"https:\/\/www.youtube.com\/watch?v=wFLgci332xk\" style=\"border-radius:2px\" target=\"_blank\" rel=\"https:\/\/motorsport-nordrhein.de\/wp-content\/uploads\/2021\/03\/ADAC-Report_03-2021_b1.pdf noopener\">Jetzt Anschauen: Teil 2<\/a><\/div>\n\n\n\n<div class=\"wp-block-button has-custom-width wp-block-button__width-100 is-style-outline is-style-outline--5\"><a class=\"wp-block-button__link has-luminous-vivid-orange-color has-text-color wp-element-button\" href=\"https:\/\/www.ndr.de\/fernsehen\/sendungen\/sportclub\/Sportclub-Story-Speed-Queens-1-Frauen-fuer-die-Formel-1,sendung1291434.html\" style=\"border-radius:2px\" target=\"_blank\" rel=\"https:\/\/motorsport-nordrhein.de noopener\">zur Sportclub Story<\/a><\/div>\n<\/div>\n<\/div>\n<\/div>\n\n\n\n<h2 class=\"wp-block-heading\" id=\"adac-report-juli-2021\">Sportradio Deutschland: Interview<\/h2>\n\n\n\n<div class=\"wp-block-columns is-layout-flex wp-container-core-columns-is-layout-9d6595d7 wp-block-columns-is-layout-flex\">\n<div class=\"wp-block-column is-layout-flow wp-block-column-is-layout-flow\">\n<figure class=\"wp-block-image size-full\"><img loading=\"lazy\" decoding=\"async\" width=\"1000\" height=\"667\" src=\"https:\/\/mathilda-paatz.com\/wp-content\/uploads\/2022\/08\/Sportradio.png\" alt=\"\" class=\"wp-image-1897\" srcset=\"https:\/\/mathilda-paatz.com\/wp-content\/uploads\/2022\/08\/Sportradio.png 1000w, https:\/\/mathilda-paatz.com\/wp-content\/uploads\/2022\/08\/Sportradio-768x512.png 768w, https:\/\/mathilda-paatz.com\/wp-content\/uploads\/2022\/08\/Sportradio-18x12.png 18w, https:\/\/mathilda-paatz.com\/wp-content\/uploads\/2022\/08\/Sportradio-600x400.png 600w, https:\/\/mathilda-paatz.com\/wp-content\/uploads\/2022\/08\/Sportradio-500x334.png 500w\" sizes=\"auto, (max-width: 1000px) 100vw, 1000px\" \/><\/figure>\n<\/div>\n\n\n\n<div class=\"wp-block-column is-vertically-aligned-center is-layout-flow wp-block-column-is-layout-flow\">\n<p class=\"has-medium-font-size wp-block-paragraph\">Am 28. August 2022 war Mathilda Paatz im <strong>Sportradio Deutschland<\/strong> zu h\u00f6ren. In der All-In-Serie &#8222;Frauen im Motorsport&#8220; von Oliver Fa\u00dfnacht erz\u00e4hlte die Rheinl\u00e4nderin \u00fcber ihre Aktivit\u00e4ten im Motorsport und die Pl\u00e4ne f\u00fcr die Zukunft.<\/p>\n\n\n\n<figure class=\"wp-block-audio\"><audio controls src=\"https:\/\/mathilda-paatz.com\/wp-content\/uploads\/2022\/08\/Talk-MATHILDA-PAATZ-bei-Oliver-Fassnacht-28-08-2022-A-ALL-IN_-Frauen-im-Motorsport-_Sportradio-Deutsc.mp3\"><\/audio><\/figure>\n\n\n\n<div class=\"wp-block-buttons is-horizontal is-content-justification-center is-layout-flex wp-container-core-buttons-is-layout-499968f5 wp-block-buttons-is-layout-flex\">\n<div class=\"wp-block-button has-custom-width wp-block-button__width-100\"><a class=\"wp-block-button__link has-white-color has-luminous-vivid-orange-background-color has-text-color has-background wp-element-button\" href=\"https:\/\/sportradio-deutschland.de\/interview\/2022-08-mathilda-paatz-frauen-im-motorsport-rennsport\" style=\"border-radius:2px\" target=\"_blank\" rel=\"https:\/\/motorsport-nordrhein.de\/wp-content\/uploads\/2021\/03\/ADAC-Report_03-2021_b1.pdf noopener\">Jetzt Anh\u00f6ren<\/a><\/div>\n\n\n\n<div class=\"wp-block-button has-custom-width wp-block-button__width-100 is-style-outline is-style-outline--6\"><a class=\"wp-block-button__link has-luminous-vivid-orange-color has-text-color wp-element-button\" href=\"https:\/\/sportradio-deutschland.de\" style=\"border-radius:2px\" target=\"_blank\" rel=\"https:\/\/motorsport-nordrhein.de noopener\">zum Sportradio Deutschland<\/a><\/div>\n<\/div>\n<\/div>\n<\/div>\n\n\n\n<h2 class=\"wp-block-heading\" id=\"adac-report-juli-2021\">WDR &#8211; Lokalzeit aus K\u00f6ln<\/h2>\n\n\n\n<div class=\"wp-block-columns is-layout-flex wp-container-core-columns-is-layout-9d6595d7 wp-block-columns-is-layout-flex\">\n<div class=\"wp-block-column is-layout-flow wp-block-column-is-layout-flow\">\n<figure class=\"wp-block-embed is-type-video is-provider-youtube wp-block-embed-youtube wp-embed-aspect-16-9 wp-has-aspect-ratio\"><div class=\"wp-block-embed__wrapper\">\n <div class=\"brlbs-cmpnt-container brlbs-cmpnt-content-blocker brlbs-cmpnt-with-individual-styles\" data-borlabs-cookie-content-blocker-id=\"youtube-content-blocker\" data-borlabs-cookie-content=\"PGlmcmFtZSB0aXRsZT0iV0RSIExva2FsemVpdCBhdXMgS8O2bG46IE1hdGhpbGRhIFBhYXR6IFsxNi4gQXVndXN0IDIwMjJdIiB3aWR0aD0iNTAwIiBoZWlnaHQ9IjI4MSIgc3JjPSJodHRwczovL3d3dy55b3V0dWJlLW5vY29va2llLmNvbS9lbWJlZC81alY2OEtpQkFRQT9mZWF0dXJlPW9lbWJlZCIgZnJhbWVib3JkZXI9IjAiIGFsbG93PSJhY2NlbGVyb21ldGVyOyBhdXRvcGxheTsgY2xpcGJvYXJkLXdyaXRlOyBlbmNyeXB0ZWQtbWVkaWE7IGd5cm9zY29wZTsgcGljdHVyZS1pbi1waWN0dXJlOyB3ZWItc2hhcmUiIHJlZmVycmVycG9saWN5PSJzdHJpY3Qtb3JpZ2luLXdoZW4tY3Jvc3Mtb3JpZ2luIiBhbGxvd2Z1bGxzY3JlZW4+PC9pZnJhbWU+\"><div class=\"brlbs-cmpnt-cb-preset-c brlbs-cmpnt-cb-youtube\"> <div class=\"brlbs-cmpnt-cb-thumbnail\" style=\"background-image: url('https:\/\/mathilda-paatz.com\/wp-content\/uploads\/borlabs-cookie\/1\/yt_5jV68KiBAQA_hqdefault.jpg')\"><\/div> <div class=\"brlbs-cmpnt-cb-main\"> <div class=\"brlbs-cmpnt-cb-play-button\"><\/div> <div class=\"brlbs-cmpnt-cb-content\"> <p class=\"brlbs-cmpnt-cb-description\">Sie sehen gerade einen Platzhalterinhalt von <strong>YouTube<\/strong>. Um auf den eigentlichen Inhalt zuzugreifen, klicken Sie auf die Schaltfl\u00e4che unten. Bitte beachten Sie, dass dabei Daten an Drittanbieter weitergegeben werden.<\/p> <a class=\"brlbs-cmpnt-cb-provider-toggle\" href=\"#\" data-borlabs-cookie-show-provider-information role=\"button\">Mehr Informationen<\/a> <\/div> <div class=\"brlbs-cmpnt-cb-buttons\"> <a class=\"brlbs-cmpnt-cb-btn\" href=\"#\" data-borlabs-cookie-unblock role=\"button\">Inhalt entsperren<\/a> <a class=\"brlbs-cmpnt-cb-btn\" href=\"#\" data-borlabs-cookie-accept-service role=\"button\" style=\"display: inherit\">Erforderlichen Service akzeptieren und Inhalte entsperren<\/a> <\/div> <\/div> <\/div><\/div>\n<\/div><\/figure>\n<\/div>\n\n\n\n<div class=\"wp-block-column is-vertically-aligned-center is-layout-flow wp-block-column-is-layout-flow\">\n<p class=\"has-medium-font-size wp-block-paragraph\">Der <strong>Westdeutsche Rundfunk (WDR) <\/strong>begleitet Mathilda Paatz auf der Kartbahn und beim Fitnesstraining. Der Bericht wurde am 16. August 2022 in der <strong>Lokalzeit aus K\u00f6ln<\/strong> ausgestrahlt. Zudem gab es ein <a href=\"https:\/\/www.facebook.com\/wdrlokalzeitkoeln\/videos\/1159584057934627\/\">kleines Video<\/a> auf der Facebook-Seite.<\/p>\n\n\n\n<div class=\"wp-block-buttons is-horizontal is-content-justification-center is-layout-flex wp-container-core-buttons-is-layout-499968f5 wp-block-buttons-is-layout-flex\">\n<div class=\"wp-block-button has-custom-width wp-block-button__width-100\"><a class=\"wp-block-button__link has-white-color has-luminous-vivid-orange-background-color has-text-color has-background wp-element-button\" href=\"https:\/\/youtu.be\/5jV68KiBAQA\" style=\"border-radius:2px\" target=\"_blank\" rel=\"noreferrer noopener\">Jetzt Anschauen<\/a><\/div>\n\n\n\n<div class=\"wp-block-button has-custom-width wp-block-button__width-100 is-style-outline is-style-outline--7\"><a class=\"wp-block-button__link has-luminous-vivid-orange-color has-text-color wp-element-button\" href=\"https:\/\/www1.wdr.de\/index.html\" style=\"border-radius:2px\" target=\"_blank\" rel=\"https:\/\/motorsport-nordrhein.de noopener\">zum WDR<\/a><\/div>\n<\/div>\n<\/div>\n<\/div>\n\n\n\n<h2 class=\"wp-block-heading\" id=\"adac-report-mai-2021\">K\u00f6lner Stadtanzeiger<\/h2>\n\n\n\n<div class=\"wp-block-columns is-layout-flex wp-container-core-columns-is-layout-9d6595d7 wp-block-columns-is-layout-flex\">\n<div class=\"wp-block-column is-layout-flow wp-block-column-is-layout-flow\">\n<figure class=\"wp-block-image size-full\"><img loading=\"lazy\" decoding=\"async\" width=\"1600\" height=\"900\" src=\"https:\/\/mathilda-paatz.com\/wp-content\/uploads\/2022\/08\/KSTA2022.png\" alt=\"\" class=\"wp-image-1820\" srcset=\"https:\/\/mathilda-paatz.com\/wp-content\/uploads\/2022\/08\/KSTA2022.png 1600w, https:\/\/mathilda-paatz.com\/wp-content\/uploads\/2022\/08\/KSTA2022-768x432.png 768w, https:\/\/mathilda-paatz.com\/wp-content\/uploads\/2022\/08\/KSTA2022-1536x864.png 1536w, https:\/\/mathilda-paatz.com\/wp-content\/uploads\/2022\/08\/KSTA2022-500x281.png 500w\" sizes=\"auto, (max-width: 1600px) 100vw, 1600px\" \/><\/figure>\n<\/div>\n\n\n\n<div class=\"wp-block-column is-vertically-aligned-center is-layout-flow wp-block-column-is-layout-flow\">\n<p class=\"has-medium-font-size wp-block-paragraph\">Im August 2022, vor dem Heimrennen des ADAC Kart Masters in Kerpen, berichtet der K\u00f6lner Stadtanzeiger in mehreren Ausgaben \u00fcber Mathilda Paatz.<\/p>\n\n\n\n<div class=\"wp-block-buttons is-horizontal is-content-justification-center is-layout-flex wp-container-core-buttons-is-layout-499968f5 wp-block-buttons-is-layout-flex\">\n<div class=\"wp-block-button has-custom-width wp-block-button__width-100\"><a class=\"wp-block-button__link has-white-color has-luminous-vivid-orange-background-color has-text-color has-background wp-element-button\" href=\"https:\/\/mathilda-paatz.com\/wp-content\/uploads\/2022\/08\/KSTA2022.pdf\" style=\"border-radius:2px\" target=\"_blank\" rel=\"https:\/\/motorsport-nordrhein.de\/wp-content\/uploads\/2021\/03\/ADAC-Report_03-2021_b1.pdf noopener\">Jetzt herunterladen<\/a><\/div>\n\n\n\n<div class=\"wp-block-button has-custom-width wp-block-button__width-100 is-style-outline is-style-outline--8\"><a class=\"wp-block-button__link has-luminous-vivid-orange-color has-text-color wp-element-button\" href=\"https:\/\/www.ksta.de\/region\/rhein-berg-oberberg\/koelner-schuelerin-im-kart-erfolgreich--jungs-moegen-es-nicht--wenn-ich-schneller-bin--39860248\" style=\"border-radius:2px\" target=\"_blank\" rel=\"https:\/\/motorsport-nordrhein.de noopener\">zum K\u00f6lner Stadtanzeiger<\/a><\/div>\n<\/div>\n<\/div>\n<\/div>\n\n\n\n<h2 class=\"wp-block-heading\" id=\"adac-report-marz-2021\">ADAC Nordrhein Report<\/h2>\n\n\n\n<div class=\"wp-block-columns is-layout-flex wp-container-core-columns-is-layout-9d6595d7 wp-block-columns-is-layout-flex\">\n<div class=\"wp-block-column is-layout-flow wp-block-column-is-layout-flow\" style=\"flex-basis:100%\">\n<div class=\"wp-block-columns is-layout-flex wp-container-core-columns-is-layout-9d6595d7 wp-block-columns-is-layout-flex\">\n<div class=\"wp-block-column is-layout-flow wp-block-column-is-layout-flow\">\n<figure class=\"wp-block-image size-full\"><img loading=\"lazy\" decoding=\"async\" width=\"1600\" height=\"900\" src=\"http:\/\/mathilda-paatz.de\/wp-content\/uploads\/2021\/03\/ADACReport_032021.png\" alt=\"\" class=\"wp-image-1427\" srcset=\"https:\/\/mathilda-paatz.com\/wp-content\/uploads\/2021\/03\/ADACReport_032021.png 1600w, https:\/\/mathilda-paatz.com\/wp-content\/uploads\/2021\/03\/ADACReport_032021-768x432.png 768w, https:\/\/mathilda-paatz.com\/wp-content\/uploads\/2021\/03\/ADACReport_032021-1536x864.png 1536w, https:\/\/mathilda-paatz.com\/wp-content\/uploads\/2021\/03\/ADACReport_032021-500x281.png 500w\" sizes=\"auto, (max-width: 1600px) 100vw, 1600px\" \/><\/figure>\n<\/div>\n\n\n\n<div class=\"wp-block-column is-vertically-aligned-center is-layout-flow wp-block-column-is-layout-flow\">\n<p class=\"has-medium-font-size wp-block-paragraph\">Im <strong>ADAC Nordrhein Report<\/strong> wird regelm\u00e4\u00dfig \u00fcber Mathilda Paatz berichtet. Im M\u00e4rz 2021 wird eine gro\u00dfe Reportage abgedruckt: Das Speedgirl aus K\u00f6ln liebt die Geschwindigkeit und hat gro\u00dfe Ziele f\u00fcr die neue Saison, in der sie in der OK Junior an den Start geht.<\/p>\n\n\n\n<div class=\"wp-block-buttons is-horizontal is-content-justification-center is-layout-flex wp-container-core-buttons-is-layout-499968f5 wp-block-buttons-is-layout-flex\">\n<div class=\"wp-block-button has-custom-width wp-block-button__width-100\"><a class=\"wp-block-button__link has-white-color has-luminous-vivid-orange-background-color has-text-color has-background wp-element-button\" href=\"https:\/\/motorsport-nordrhein.de\/wp-content\/uploads\/2021\/03\/ADAC-Report_03-2021_b1.pdf\" style=\"border-radius:2px\" target=\"_blank\" rel=\"https:\/\/motorsport-nordrhein.de\/wp-content\/uploads\/2021\/03\/ADAC-Report_03-2021_b1.pdf noopener\">Jetzt herunterladen<\/a><\/div>\n\n\n\n<div class=\"wp-block-button has-custom-width wp-block-button__width-100 is-style-outline is-style-outline--9\"><a class=\"wp-block-button__link has-luminous-vivid-orange-color has-text-color wp-element-button\" href=\"https:\/\/motorsport-nordrhein.de\/downloads\/report\/\" style=\"border-radius:2px\" target=\"_blank\" rel=\"https:\/\/motorsport-nordrhein.de noopener\">zum ADAC Nordrhein<\/a><\/div>\n<\/div>\n<\/div>\n<\/div>\n<\/div>\n<\/div>\n\n\n\n<h2 class=\"wp-block-heading\" id=\"motorsport-xl-marz-2021\">Motorsport XL<\/h2>\n\n\n\n<div class=\"wp-block-columns is-layout-flex wp-container-core-columns-is-layout-9d6595d7 wp-block-columns-is-layout-flex\">\n<div class=\"wp-block-column is-layout-flow wp-block-column-is-layout-flow\">\n<figure class=\"wp-block-image size-large\"><img loading=\"lazy\" decoding=\"async\" width=\"1600\" height=\"900\" src=\"http:\/\/mathilda-paatz.de\/wp-content\/uploads\/2021\/03\/MotorsportXL_032021.png\" alt=\"\" class=\"wp-image-1431\" srcset=\"https:\/\/mathilda-paatz.com\/wp-content\/uploads\/2021\/03\/MotorsportXL_032021.png 1600w, https:\/\/mathilda-paatz.com\/wp-content\/uploads\/2021\/03\/MotorsportXL_032021-768x432.png 768w, https:\/\/mathilda-paatz.com\/wp-content\/uploads\/2021\/03\/MotorsportXL_032021-1536x864.png 1536w, https:\/\/mathilda-paatz.com\/wp-content\/uploads\/2021\/03\/MotorsportXL_032021-500x281.png 500w\" sizes=\"auto, (max-width: 1600px) 100vw, 1600px\" \/><\/figure>\n<\/div>\n\n\n\n<div class=\"wp-block-column is-vertically-aligned-center is-layout-flow wp-block-column-is-layout-flow\">\n<p class=\"has-medium-font-size wp-block-paragraph\">Im M\u00e4rz 2021 wurde in der <strong>Motorsport XL <\/strong>ein Interview mit Mathilda Paatz abgedruckt. Die damals Zw\u00f6lfj\u00e4hrige spricht \u00fcber ihre Zukunft, die Pl\u00e4ne f\u00fcr die Saison 2021 sowie ihre Passion f\u00fcr den Wintersport.<\/p>\n\n\n\n<div class=\"wp-block-buttons is-horizontal is-content-justification-center is-layout-flex wp-container-core-buttons-is-layout-499968f5 wp-block-buttons-is-layout-flex\">\n<div class=\"wp-block-button has-custom-width wp-block-button__width-100\"><a class=\"wp-block-button__link has-white-color has-luminous-vivid-orange-background-color has-text-color has-background wp-element-button\" href=\"http:\/\/mathilda-paatz.de\/wp-content\/uploads\/2021\/03\/Paatz_MotorsportXL.pdf\" style=\"border-radius:2px\" target=\"_blank\" rel=\"noreferrer noopener\">Jetzt herunterladen<\/a><\/div>\n\n\n\n<div class=\"wp-block-button has-custom-width wp-block-button__width-100 is-style-outline is-style-outline--10\"><a class=\"wp-block-button__link has-luminous-vivid-orange-color has-text-color wp-element-button\" href=\"https:\/\/www.motorsport-xl.de\/\" style=\"border-radius:2px\" target=\"_blank\" rel=\"noreferrer noopener\">zur Motorsport XL<\/a><\/div>\n<\/div>\n<\/div>\n<\/div>\n","protected":false},"excerpt":{"rendered":"<p>In der Vergangenheit sorgte Mathilda Paatz nicht nur auf der Rennstrecke f\u00fcr Aufsehen. Verschiedene Medien, darunter vor allem der ADAC Nordrhein, Motorsport XL und Kart-Magazin.de, berichten regelm\u00e4\u00dfig \u00fcber die junge Rennfahrerin und ihre Erfolge im Rennsport. Auch in internationalen Publikationen und Online-Magazinen wird Mathilda Paatz erw\u00e4hnt. Die besten Artikel bzw. Videos sind hier zum Nachlesen und Anschauen zusammengefasst. K\u00f6lner Stadtanzeiger Im Januar 2024 berichtet der K\u00f6lner Stadtanzeiger \u00fcber den Aufstieg von Mathilda Paatz in die Formel 4 sowie den Traum, eines Tages in der Formel 1 zu starten. PITWALK: &#8222;Waltzing Mathilda&#8220; Im September 2023 erschien im Motorsportmagazin &#8222;PITWALK&#8220; von Norbert <a href=\"https:\/\/mathilda-paatz.com\/de\/presse\/\"><span class=\"meta-nav\">Weiterlesen&#8230;<\/span><\/a><\/p>\n","protected":false},"author":1,"featured_media":0,"parent":0,"menu_order":0,"comment_status":"closed","ping_status":"closed","template":"","meta":{"_crdt_document":"","footnotes":""},"class_list":["post-1426","page","type-page","status-publish","hentry"],"yoast_head":"<!-- This site is optimized with the Yoast SEO plugin v26.8 - https:\/\/yoast.com\/product\/yoast-seo-wordpress\/ -->\n<title>Presse &#187; Mathilda Paatz<\/title>\n<meta name=\"robots\" content=\"index, follow, max-snippet:-1, max-image-preview:large, max-video-preview:-1\" \/>\n<link rel=\"canonical\" href=\"https:\/\/mathilda-paatz.com\/de\/presse\/\" \/>\n<meta property=\"og:locale\" content=\"de_DE\" \/>\n<meta property=\"og:type\" content=\"article\" \/>\n<meta property=\"og:title\" content=\"Presse &#187; Mathilda Paatz\" \/>\n<meta property=\"og:description\" content=\"In der Vergangenheit sorgte Mathilda Paatz nicht nur auf der Rennstrecke f\u00fcr Aufsehen. Verschiedene Medien, darunter vor allem der ADAC Nordrhein, Motorsport XL und Kart-Magazin.de, berichten regelm\u00e4\u00dfig \u00fcber die junge Rennfahrerin und ihre Erfolge im Rennsport. Auch in internationalen Publikationen und Online-Magazinen wird Mathilda Paatz erw\u00e4hnt. Die besten Artikel bzw. Videos sind hier zum Nachlesen und Anschauen zusammengefasst. K\u00f6lner Stadtanzeiger Im Januar 2024 berichtet der K\u00f6lner Stadtanzeiger \u00fcber den Aufstieg von Mathilda Paatz in die Formel 4 sowie den Traum, eines Tages in der Formel 1 zu starten. PITWALK: &#8222;Waltzing Mathilda&#8220; Im September 2023 erschien im Motorsportmagazin &#8222;PITWALK&#8220; von Norbert Weiterlesen...\" \/>\n<meta property=\"og:url\" content=\"https:\/\/mathilda-paatz.com\/de\/presse\/\" \/>\n<meta property=\"og:site_name\" content=\"Mathilda Paatz\" \/>\n<meta property=\"article:modified_time\" content=\"2024-09-06T08:07:12+00:00\" \/>\n<meta property=\"og:image\" content=\"https:\/\/mathilda-paatz.com\/wp-content\/uploads\/2024\/09\/KSTA2024.png\" \/>\n<meta name=\"twitter:card\" content=\"summary_large_image\" \/>\n<meta name=\"twitter:label1\" content=\"Gesch\u00e4tzte Lesezeit\" \/>\n\t<meta name=\"twitter:data1\" content=\"5\u00a0Minuten\" \/>\n<script type=\"application\/ld+json\" class=\"yoast-schema-graph\">{\"@context\":\"https:\/\/schema.org\",\"@graph\":[{\"@type\":\"WebPage\",\"@id\":\"https:\/\/mathilda-paatz.com\/presse\/\",\"url\":\"https:\/\/mathilda-paatz.com\/presse\/\",\"name\":\"Presse &#187; Mathilda Paatz\",\"isPartOf\":{\"@id\":\"https:\/\/mathilda-paatz.com\/#website\"},\"primaryImageOfPage\":{\"@id\":\"https:\/\/mathilda-paatz.com\/presse\/#primaryimage\"},\"image\":{\"@id\":\"https:\/\/mathilda-paatz.com\/presse\/#primaryimage\"},\"thumbnailUrl\":\"https:\/\/mathilda-paatz.com\/wp-content\/uploads\/2024\/09\/KSTA2024.png\",\"datePublished\":\"2021-03-15T17:24:47+00:00\",\"dateModified\":\"2024-09-06T08:07:12+00:00\",\"breadcrumb\":{\"@id\":\"https:\/\/mathilda-paatz.com\/presse\/#breadcrumb\"},\"inLanguage\":\"de\",\"potentialAction\":[{\"@type\":\"ReadAction\",\"target\":[\"https:\/\/mathilda-paatz.com\/presse\/\"]}]},{\"@type\":\"ImageObject\",\"inLanguage\":\"de\",\"@id\":\"https:\/\/mathilda-paatz.com\/presse\/#primaryimage\",\"url\":\"https:\/\/mathilda-paatz.com\/wp-content\/uploads\/2024\/09\/KSTA2024.png\",\"contentUrl\":\"https:\/\/mathilda-paatz.com\/wp-content\/uploads\/2024\/09\/KSTA2024.png\"},{\"@type\":\"BreadcrumbList\",\"@id\":\"https:\/\/mathilda-paatz.com\/presse\/#breadcrumb\",\"itemListElement\":[{\"@type\":\"ListItem\",\"position\":1,\"name\":\"Startseite\",\"item\":\"https:\/\/mathilda-paatz.com\/\"},{\"@type\":\"ListItem\",\"position\":2,\"name\":\"Presse\"}]},{\"@type\":\"WebSite\",\"@id\":\"https:\/\/mathilda-paatz.com\/#website\",\"url\":\"https:\/\/mathilda-paatz.com\/\",\"name\":\"Mathilda Paatz\",\"description\":\"Das Speedgirl aus K\u00f6ln\",\"publisher\":{\"@id\":\"https:\/\/mathilda-paatz.com\/#\/schema\/person\/bb1118b4bd0b68d5583bdc80c9b6d30e\"},\"potentialAction\":[{\"@type\":\"SearchAction\",\"target\":{\"@type\":\"EntryPoint\",\"urlTemplate\":\"https:\/\/mathilda-paatz.com\/?s={search_term_string}\"},\"query-input\":{\"@type\":\"PropertyValueSpecification\",\"valueRequired\":true,\"valueName\":\"search_term_string\"}}],\"inLanguage\":\"de\"},{\"@type\":[\"Person\",\"Organization\"],\"@id\":\"https:\/\/mathilda-paatz.com\/#\/schema\/person\/bb1118b4bd0b68d5583bdc80c9b6d30e\",\"name\":\"Mathilda Paatz\",\"image\":{\"@type\":\"ImageObject\",\"inLanguage\":\"de\",\"@id\":\"https:\/\/mathilda-paatz.com\/#\/schema\/person\/image\/\",\"url\":\"https:\/\/mathilda-paatz.com\/wp-content\/uploads\/2021\/01\/cropped-Speedgirl_Logo.png\",\"contentUrl\":\"https:\/\/mathilda-paatz.com\/wp-content\/uploads\/2021\/01\/cropped-Speedgirl_Logo.png\",\"width\":512,\"height\":512,\"caption\":\"Mathilda Paatz\"},\"logo\":{\"@id\":\"https:\/\/mathilda-paatz.com\/#\/schema\/person\/image\/\"},\"sameAs\":[\"https:\/\/mathilda-paatz.com\",\"https:\/\/www.instagram.com\/mathilda_paatz\/\"]}]}<\/script>\n<!-- \/ Yoast SEO plugin. -->","yoast_head_json":{"title":"Presse &#187; Mathilda Paatz","robots":{"index":"index","follow":"follow","max-snippet":"max-snippet:-1","max-image-preview":"max-image-preview:large","max-video-preview":"max-video-preview:-1"},"canonical":"https:\/\/mathilda-paatz.com\/de\/presse\/","og_locale":"de_DE","og_type":"article","og_title":"Presse &#187; Mathilda Paatz","og_description":"In der Vergangenheit sorgte Mathilda Paatz nicht nur auf der Rennstrecke f\u00fcr Aufsehen. Verschiedene Medien, darunter vor allem der ADAC Nordrhein, Motorsport XL und Kart-Magazin.de, berichten regelm\u00e4\u00dfig \u00fcber die junge Rennfahrerin und ihre Erfolge im Rennsport. Auch in internationalen Publikationen und Online-Magazinen wird Mathilda Paatz erw\u00e4hnt. Die besten Artikel bzw. Videos sind hier zum Nachlesen und Anschauen zusammengefasst. K\u00f6lner Stadtanzeiger Im Januar 2024 berichtet der K\u00f6lner Stadtanzeiger \u00fcber den Aufstieg von Mathilda Paatz in die Formel 4 sowie den Traum, eines Tages in der Formel 1 zu starten. PITWALK: &#8222;Waltzing Mathilda&#8220; Im September 2023 erschien im Motorsportmagazin &#8222;PITWALK&#8220; von Norbert Weiterlesen...","og_url":"https:\/\/mathilda-paatz.com\/de\/presse\/","og_site_name":"Mathilda Paatz","article_modified_time":"2024-09-06T08:07:12+00:00","og_image":[{"url":"https:\/\/mathilda-paatz.com\/wp-content\/uploads\/2024\/09\/KSTA2024.png","type":"","width":"","height":""}],"twitter_card":"summary_large_image","twitter_misc":{"Gesch\u00e4tzte Lesezeit":"5\u00a0Minuten"},"schema":{"@context":"https:\/\/schema.org","@graph":[{"@type":"WebPage","@id":"https:\/\/mathilda-paatz.com\/presse\/","url":"https:\/\/mathilda-paatz.com\/presse\/","name":"Presse &#187; Mathilda Paatz","isPartOf":{"@id":"https:\/\/mathilda-paatz.com\/#website"},"primaryImageOfPage":{"@id":"https:\/\/mathilda-paatz.com\/presse\/#primaryimage"},"image":{"@id":"https:\/\/mathilda-paatz.com\/presse\/#primaryimage"},"thumbnailUrl":"https:\/\/mathilda-paatz.com\/wp-content\/uploads\/2024\/09\/KSTA2024.png","datePublished":"2021-03-15T17:24:47+00:00","dateModified":"2024-09-06T08:07:12+00:00","breadcrumb":{"@id":"https:\/\/mathilda-paatz.com\/presse\/#breadcrumb"},"inLanguage":"de","potentialAction":[{"@type":"ReadAction","target":["https:\/\/mathilda-paatz.com\/presse\/"]}]},{"@type":"ImageObject","inLanguage":"de","@id":"https:\/\/mathilda-paatz.com\/presse\/#primaryimage","url":"https:\/\/mathilda-paatz.com\/wp-content\/uploads\/2024\/09\/KSTA2024.png","contentUrl":"https:\/\/mathilda-paatz.com\/wp-content\/uploads\/2024\/09\/KSTA2024.png"},{"@type":"BreadcrumbList","@id":"https:\/\/mathilda-paatz.com\/presse\/#breadcrumb","itemListElement":[{"@type":"ListItem","position":1,"name":"Startseite","item":"https:\/\/mathilda-paatz.com\/"},{"@type":"ListItem","position":2,"name":"Presse"}]},{"@type":"WebSite","@id":"https:\/\/mathilda-paatz.com\/#website","url":"https:\/\/mathilda-paatz.com\/","name":"Mathilda Paatz","description":"Das Speedgirl aus K\u00f6ln","publisher":{"@id":"https:\/\/mathilda-paatz.com\/#\/schema\/person\/bb1118b4bd0b68d5583bdc80c9b6d30e"},"potentialAction":[{"@type":"SearchAction","target":{"@type":"EntryPoint","urlTemplate":"https:\/\/mathilda-paatz.com\/?s={search_term_string}"},"query-input":{"@type":"PropertyValueSpecification","valueRequired":true,"valueName":"search_term_string"}}],"inLanguage":"de"},{"@type":["Person","Organization"],"@id":"https:\/\/mathilda-paatz.com\/#\/schema\/person\/bb1118b4bd0b68d5583bdc80c9b6d30e","name":"Mathilda Paatz","image":{"@type":"ImageObject","inLanguage":"de","@id":"https:\/\/mathilda-paatz.com\/#\/schema\/person\/image\/","url":"https:\/\/mathilda-paatz.com\/wp-content\/uploads\/2021\/01\/cropped-Speedgirl_Logo.png","contentUrl":"https:\/\/mathilda-paatz.com\/wp-content\/uploads\/2021\/01\/cropped-Speedgirl_Logo.png","width":512,"height":512,"caption":"Mathilda Paatz"},"logo":{"@id":"https:\/\/mathilda-paatz.com\/#\/schema\/person\/image\/"},"sameAs":["https:\/\/mathilda-paatz.com","https:\/\/www.instagram.com\/mathilda_paatz\/"]}]}},"_links":{"self":[{"href":"https:\/\/mathilda-paatz.com\/de\/wp-json\/wp\/v2\/pages\/1426","targetHints":{"allow":["GET"]}}],"collection":[{"href":"https:\/\/mathilda-paatz.com\/de\/wp-json\/wp\/v2\/pages"}],"about":[{"href":"https:\/\/mathilda-paatz.com\/de\/wp-json\/wp\/v2\/types\/page"}],"author":[{"embeddable":true,"href":"https:\/\/mathilda-paatz.com\/de\/wp-json\/wp\/v2\/users\/1"}],"replies":[{"embeddable":true,"href":"https:\/\/mathilda-paatz.com\/de\/wp-json\/wp\/v2\/comments?post=1426"}],"version-history":[{"count":9,"href":"https:\/\/mathilda-paatz.com\/de\/wp-json\/wp\/v2\/pages\/1426\/revisions"}],"predecessor-version":[{"id":2183,"href":"https:\/\/mathilda-paatz.com\/de\/wp-json\/wp\/v2\/pages\/1426\/revisions\/2183"}],"wp:attachment":[{"href":"https:\/\/mathilda-paatz.com\/de\/wp-json\/wp\/v2\/media?parent=1426"}],"curies":[{"name":"wp","href":"https:\/\/api.w.org\/{rel}","templated":true}]}}